{"id":2009,"date":"2023-04-12T10:12:23","date_gmt":"2023-04-12T08:12:23","guid":{"rendered":"https:\/\/www.neuromuscularbcn.org\/quienes_somos\/nuria-vidal-fernandez\/"},"modified":"2023-04-12T10:12:23","modified_gmt":"2023-04-12T08:12:23","slug":"nuria-vidal-fernandez","status":"publish","type":"quienes_somos","link":"https:\/\/www.neuromuscularbcn.org\/ca\/quienes_somos\/nuria-vidal-fernandez\/","title":{"rendered":"N\u00faria Vidal Fern\u00e1ndez"},"content":{"rendered":"\n<p>N\u00faria Vidal Fern\u00e1ndez \u00e9s Diplomada en Infermeria per la Universitat Aut\u00f2noma de Barcelona,<\/p>\n\n\n\n<p>Ha desenvolupat la seva experi\u00e8ncia professional en l&#8217;\u00e0mbit assistencial a l&#8217;\u00e0rea del malalt cr\u00edtic i hemodialitzat a diferents hospitals nacionals i estrangers: Gloucester Royal Hospital NHS\/Fresenius MC, Gloucester (UK), Hospital Cl\u00ednic de Barcelona, Centre Cardiovascular Sant Jordi, \u2026 Durant aquest per\u00edode va complementar la seva formaci\u00f3 fent el postgrau en \u201cEmerg\u00e8ncies i cures Cr\u00edtiques per la Universitat Aut\u00f2noma de Barcelona.<\/p>\n\n\n\n<p>El 2007 inicia la seva traject\u00f2ria a la unitat d&#8217;Esclerosi m\u00faltiple com a infermera coordinadora d&#8217;assajos cl\u00ednics i gestora de pacients, realitzant educacions de tractaments. Des de l\u00b4any 2016 s\u00b4encarrega de la coordinaci\u00f3 d\u00b4assajos cl\u00ednics de la Unitat de malalties Neuromusculars.<\/p>\n\n\n\n<p><strong>Formaci\u00f3 Acad\u00e8mica:<\/strong><\/p>\n\n\n\n<ul class=\"wp-block-list\">\n<li>Diplomada a Infermeria. Promoci\u00f3 94-97. \u201cEscola d\u2019infermeria d\u2019Osona\u201d (Estudis Universitaris de Vic, UAB).<\/li>\n\n\n\n<li>Postgrau en Emerg\u00e8ncies i Cures Cr\u00edtiques Any 2000. Universitat Aut\u00f2noma de Barcelona.<\/li>\n\n\n\n<li>M\u00e0ster en Salut Internacional i Cooperaci\u00f3 any 2015, Universitat Aut\u00f2noma de Barcelona<\/li>\n<\/ul>\n","protected":false},"featured_media":2010,"menu_order":2050,"template":"","meta":{"_acf_changed":false,"inline_featured_image":false},"subequipo":[198],"class_list":["post-2009","quienes_somos","type-quienes_somos","status-publish","has-post-thumbnail","hentry","subequipo-investigacion"],"acf":[],"yoast_head":"<!-- This site is optimized with the Yoast SEO plugin v27.2 - https:\/\/yoast.com\/product\/yoast-seo-wordpress\/ -->\n<title>N\u00faria Vidal Fern\u00e1ndez - Neuromuscular BCN<\/title>\n<meta name=\"robots\" content=\"index, follow, max-snippet:-1, max-image-preview:large, max-video-preview:-1\" \/>\n<link rel=\"canonical\" href=\"https:\/\/www.neuromuscularbcn.org\/ca\/quienes_somos\/nuria-vidal-fernandez\/\" \/>\n<meta property=\"og:locale\" content=\"ca_ES\" \/>\n<meta property=\"og:type\" content=\"article\" \/>\n<meta property=\"og:title\" content=\"N\u00faria Vidal Fern\u00e1ndez - Neuromuscular BCN\" \/>\n<meta property=\"og:description\" content=\"N\u00faria Vidal Fern\u00e1ndez \u00e9s Diplomada en Infermeria per la Universitat Aut\u00f2noma de Barcelona, Ha desenvolupat la seva experi\u00e8ncia professional en l&#8217;\u00e0mbit assistencial a l&#8217;\u00e0rea del malalt cr\u00edtic i hemodialitzat a diferents hospitals nacionals i estrangers: Gloucester Royal Hospital NHS\/Fresenius MC, Gloucester (UK), Hospital Cl\u00ednic de Barcelona, Centre Cardiovascular Sant Jordi, \u2026 Durant aquest per\u00edode va complementar la seva formaci\u00f3 fent el postgrau en \u201cEmerg\u00e8ncies i cures Cr\u00edtiques per la Universitat Aut\u00f2noma de Barcelona. El [...]\" \/>\n<meta property=\"og:url\" content=\"https:\/\/www.neuromuscularbcn.org\/ca\/quienes_somos\/nuria-vidal-fernandez\/\" \/>\n<meta property=\"og:site_name\" content=\"Neuromuscular BCN\" \/>\n<meta property=\"og:image\" content=\"https:\/\/www.neuromuscularbcn.org\/wp-content\/uploads\/2025\/03\/nuria-vidal-rec-5.jpg\" \/>\n\t<meta property=\"og:image:width\" content=\"1280\" \/>\n\t<meta property=\"og:image:height\" content=\"1708\" \/>\n\t<meta property=\"og:image:type\" content=\"image\/jpeg\" \/>\n<meta name=\"twitter:card\" content=\"summary_large_image\" \/>\n<meta name=\"twitter:site\" content=\"@NMDSantPau\" \/>\n<meta name=\"twitter:label1\" content=\"Temps estimat de lectura\" \/>\n\t<meta name=\"twitter:data1\" content=\"1 minut\" \/>\n<script type=\"application\/ld+json\" class=\"yoast-schema-graph\">{\"@context\":\"https:\/\/schema.org\",\"@graph\":[{\"@type\":\"WebPage\",\"@id\":\"https:\/\/www.neuromuscularbcn.org\/ca\/quienes_somos\/nuria-vidal-fernandez\/\",\"url\":\"https:\/\/www.neuromuscularbcn.org\/ca\/quienes_somos\/nuria-vidal-fernandez\/\",\"name\":\"N\u00faria Vidal Fern\u00e1ndez - Neuromuscular BCN\",\"isPartOf\":{\"@id\":\"https:\/\/www.neuromuscularbcn.org\/ca\/#website\"},\"primaryImageOfPage\":{\"@id\":\"https:\/\/www.neuromuscularbcn.org\/ca\/quienes_somos\/nuria-vidal-fernandez\/#primaryimage\"},\"image\":{\"@id\":\"https:\/\/www.neuromuscularbcn.org\/ca\/quienes_somos\/nuria-vidal-fernandez\/#primaryimage\"},\"thumbnailUrl\":\"https:\/\/www.neuromuscularbcn.org\/wp-content\/uploads\/2025\/03\/nuria-vidal-rec-5.jpg\",\"datePublished\":\"2023-04-12T08:12:23+00:00\",\"breadcrumb\":{\"@id\":\"https:\/\/www.neuromuscularbcn.org\/ca\/quienes_somos\/nuria-vidal-fernandez\/#breadcrumb\"},\"inLanguage\":\"ca\",\"potentialAction\":[{\"@type\":\"ReadAction\",\"target\":[\"https:\/\/www.neuromuscularbcn.org\/ca\/quienes_somos\/nuria-vidal-fernandez\/\"]}]},{\"@type\":\"ImageObject\",\"inLanguage\":\"ca\",\"@id\":\"https:\/\/www.neuromuscularbcn.org\/ca\/quienes_somos\/nuria-vidal-fernandez\/#primaryimage\",\"url\":\"https:\/\/www.neuromuscularbcn.org\/wp-content\/uploads\/2025\/03\/nuria-vidal-rec-5.jpg\",\"contentUrl\":\"https:\/\/www.neuromuscularbcn.org\/wp-content\/uploads\/2025\/03\/nuria-vidal-rec-5.jpg\",\"width\":1280,\"height\":1708},{\"@type\":\"BreadcrumbList\",\"@id\":\"https:\/\/www.neuromuscularbcn.org\/ca\/quienes_somos\/nuria-vidal-fernandez\/#breadcrumb\",\"itemListElement\":[{\"@type\":\"ListItem\",\"position\":1,\"name\":\"Portada\",\"item\":\"https:\/\/www.neuromuscularbcn.org\/ca\/\"},{\"@type\":\"ListItem\",\"position\":2,\"name\":\"N\u00faria Vidal Fern\u00e1ndez\"}]},{\"@type\":\"WebSite\",\"@id\":\"https:\/\/www.neuromuscularbcn.org\/ca\/#website\",\"url\":\"https:\/\/www.neuromuscularbcn.org\/ca\/\",\"name\":\"Neuromuscular BCN\",\"description\":\"Neuromuscular BCN - Unidad Neuromuscular del hospital de Sant Pau\",\"publisher\":{\"@id\":\"https:\/\/www.neuromuscularbcn.org\/ca\/#organization\"},\"alternateName\":\"Neuromuscular BCN - Unidad Neuromuscular del hospital de Sant Pau\",\"potentialAction\":[{\"@type\":\"SearchAction\",\"target\":{\"@type\":\"EntryPoint\",\"urlTemplate\":\"https:\/\/www.neuromuscularbcn.org\/ca\/?s={search_term_string}\"},\"query-input\":{\"@type\":\"PropertyValueSpecification\",\"valueRequired\":true,\"valueName\":\"search_term_string\"}}],\"inLanguage\":\"ca\"},{\"@type\":\"Organization\",\"@id\":\"https:\/\/www.neuromuscularbcn.org\/ca\/#organization\",\"name\":\"Neuromuscular BCN - Sant Pau\",\"url\":\"https:\/\/www.neuromuscularbcn.org\/ca\/\",\"logo\":{\"@type\":\"ImageObject\",\"inLanguage\":\"ca\",\"@id\":\"https:\/\/www.neuromuscularbcn.org\/ca\/#\/schema\/logo\/image\/\",\"url\":\"https:\/\/www.neuromuscularbcn.org\/wp-content\/uploads\/2025\/06\/cropped-favicon_logotip.png\",\"contentUrl\":\"https:\/\/www.neuromuscularbcn.org\/wp-content\/uploads\/2025\/06\/cropped-favicon_logotip.png\",\"width\":512,\"height\":512,\"caption\":\"Neuromuscular BCN - Sant Pau\"},\"image\":{\"@id\":\"https:\/\/www.neuromuscularbcn.org\/ca\/#\/schema\/logo\/image\/\"},\"sameAs\":[\"https:\/\/x.com\/NMDSantPau\"]}]}<\/script>\n<!-- \/ Yoast SEO plugin. -->","yoast_head_json":{"title":"N\u00faria Vidal Fern\u00e1ndez - Neuromuscular BCN","robots":{"index":"index","follow":"follow","max-snippet":"max-snippet:-1","max-image-preview":"max-image-preview:large","max-video-preview":"max-video-preview:-1"},"canonical":"https:\/\/www.neuromuscularbcn.org\/ca\/quienes_somos\/nuria-vidal-fernandez\/","og_locale":"ca_ES","og_type":"article","og_title":"N\u00faria Vidal Fern\u00e1ndez - Neuromuscular BCN","og_description":"N\u00faria Vidal Fern\u00e1ndez \u00e9s Diplomada en Infermeria per la Universitat Aut\u00f2noma de Barcelona, Ha desenvolupat la seva experi\u00e8ncia professional en l&#8217;\u00e0mbit assistencial a l&#8217;\u00e0rea del malalt cr\u00edtic i hemodialitzat a diferents hospitals nacionals i estrangers: Gloucester Royal Hospital NHS\/Fresenius MC, Gloucester (UK), Hospital Cl\u00ednic de Barcelona, Centre Cardiovascular Sant Jordi, \u2026 Durant aquest per\u00edode va complementar la seva formaci\u00f3 fent el postgrau en \u201cEmerg\u00e8ncies i cures Cr\u00edtiques per la Universitat Aut\u00f2noma de Barcelona. El [...]","og_url":"https:\/\/www.neuromuscularbcn.org\/ca\/quienes_somos\/nuria-vidal-fernandez\/","og_site_name":"Neuromuscular BCN","og_image":[{"width":1280,"height":1708,"url":"https:\/\/www.neuromuscularbcn.org\/wp-content\/uploads\/2025\/03\/nuria-vidal-rec-5.jpg","type":"image\/jpeg"}],"twitter_card":"summary_large_image","twitter_site":"@NMDSantPau","twitter_misc":{"Temps estimat de lectura":"1 minut"},"schema":{"@context":"https:\/\/schema.org","@graph":[{"@type":"WebPage","@id":"https:\/\/www.neuromuscularbcn.org\/ca\/quienes_somos\/nuria-vidal-fernandez\/","url":"https:\/\/www.neuromuscularbcn.org\/ca\/quienes_somos\/nuria-vidal-fernandez\/","name":"N\u00faria Vidal Fern\u00e1ndez - Neuromuscular BCN","isPartOf":{"@id":"https:\/\/www.neuromuscularbcn.org\/ca\/#website"},"primaryImageOfPage":{"@id":"https:\/\/www.neuromuscularbcn.org\/ca\/quienes_somos\/nuria-vidal-fernandez\/#primaryimage"},"image":{"@id":"https:\/\/www.neuromuscularbcn.org\/ca\/quienes_somos\/nuria-vidal-fernandez\/#primaryimage"},"thumbnailUrl":"https:\/\/www.neuromuscularbcn.org\/wp-content\/uploads\/2025\/03\/nuria-vidal-rec-5.jpg","datePublished":"2023-04-12T08:12:23+00:00","breadcrumb":{"@id":"https:\/\/www.neuromuscularbcn.org\/ca\/quienes_somos\/nuria-vidal-fernandez\/#breadcrumb"},"inLanguage":"ca","potentialAction":[{"@type":"ReadAction","target":["https:\/\/www.neuromuscularbcn.org\/ca\/quienes_somos\/nuria-vidal-fernandez\/"]}]},{"@type":"ImageObject","inLanguage":"ca","@id":"https:\/\/www.neuromuscularbcn.org\/ca\/quienes_somos\/nuria-vidal-fernandez\/#primaryimage","url":"https:\/\/www.neuromuscularbcn.org\/wp-content\/uploads\/2025\/03\/nuria-vidal-rec-5.jpg","contentUrl":"https:\/\/www.neuromuscularbcn.org\/wp-content\/uploads\/2025\/03\/nuria-vidal-rec-5.jpg","width":1280,"height":1708},{"@type":"BreadcrumbList","@id":"https:\/\/www.neuromuscularbcn.org\/ca\/quienes_somos\/nuria-vidal-fernandez\/#breadcrumb","itemListElement":[{"@type":"ListItem","position":1,"name":"Portada","item":"https:\/\/www.neuromuscularbcn.org\/ca\/"},{"@type":"ListItem","position":2,"name":"N\u00faria Vidal Fern\u00e1ndez"}]},{"@type":"WebSite","@id":"https:\/\/www.neuromuscularbcn.org\/ca\/#website","url":"https:\/\/www.neuromuscularbcn.org\/ca\/","name":"Neuromuscular BCN","description":"Neuromuscular BCN - Unidad Neuromuscular del hospital de Sant Pau","publisher":{"@id":"https:\/\/www.neuromuscularbcn.org\/ca\/#organization"},"alternateName":"Neuromuscular BCN - Unidad Neuromuscular del hospital de Sant Pau","potentialAction":[{"@type":"SearchAction","target":{"@type":"EntryPoint","urlTemplate":"https:\/\/www.neuromuscularbcn.org\/ca\/?s={search_term_string}"},"query-input":{"@type":"PropertyValueSpecification","valueRequired":true,"valueName":"search_term_string"}}],"inLanguage":"ca"},{"@type":"Organization","@id":"https:\/\/www.neuromuscularbcn.org\/ca\/#organization","name":"Neuromuscular BCN - Sant Pau","url":"https:\/\/www.neuromuscularbcn.org\/ca\/","logo":{"@type":"ImageObject","inLanguage":"ca","@id":"https:\/\/www.neuromuscularbcn.org\/ca\/#\/schema\/logo\/image\/","url":"https:\/\/www.neuromuscularbcn.org\/wp-content\/uploads\/2025\/06\/cropped-favicon_logotip.png","contentUrl":"https:\/\/www.neuromuscularbcn.org\/wp-content\/uploads\/2025\/06\/cropped-favicon_logotip.png","width":512,"height":512,"caption":"Neuromuscular BCN - Sant Pau"},"image":{"@id":"https:\/\/www.neuromuscularbcn.org\/ca\/#\/schema\/logo\/image\/"},"sameAs":["https:\/\/x.com\/NMDSantPau"]}]}},"_links":{"self":[{"href":"https:\/\/www.neuromuscularbcn.org\/ca\/wp-json\/wp\/v2\/quienes_somos\/2009","targetHints":{"allow":["GET"]}}],"collection":[{"href":"https:\/\/www.neuromuscularbcn.org\/ca\/wp-json\/wp\/v2\/quienes_somos"}],"about":[{"href":"https:\/\/www.neuromuscularbcn.org\/ca\/wp-json\/wp\/v2\/types\/quienes_somos"}],"wp:featuredmedia":[{"embeddable":true,"href":"https:\/\/www.neuromuscularbcn.org\/ca\/wp-json\/wp\/v2\/media\/2010"}],"wp:attachment":[{"href":"https:\/\/www.neuromuscularbcn.org\/ca\/wp-json\/wp\/v2\/media?parent=2009"}],"wp:term":[{"taxonomy":"subequipo","embeddable":true,"href":"https:\/\/www.neuromuscularbcn.org\/ca\/wp-json\/wp\/v2\/subequipo?post=2009"}],"curies":[{"name":"wp","href":"https:\/\/api.w.org\/{rel}","templated":true}]}}