{"id":403,"date":"2025-03-27T06:26:27","date_gmt":"2025-03-27T05:26:27","guid":{"rendered":"https:\/\/www.neuromuscularbcn.org\/?page_id=403"},"modified":"2026-02-05T11:17:40","modified_gmt":"2026-02-05T10:17:40","slug":"formacio-de-malalties-neuromusculars","status":"publish","type":"page","link":"https:\/\/www.neuromuscularbcn.org\/ca\/docencia\/formacio-de-malalties-neuromusculars\/","title":{"rendered":"Formaci\u00f3 de Malalties Neuromusculars"},"content":{"rendered":"<div class=\"fusion-fullwidth fullwidth-box fusion-builder-row-1 fusion-flex-container has-pattern-background has-mask-background nonhundred-percent-fullwidth non-hundred-percent-height-scrolling\" style=\"--awb-border-radius-top-left:0px;--awb-border-radius-top-right:0px;--awb-border-radius-bottom-right:0px;--awb-border-radius-bottom-left:0px;--awb-flex-wrap:wrap;\" ><div class=\"fusion-builder-row fusion-row fusion-flex-align-items-flex-start fusion-flex-content-wrap\" style=\"max-width:calc( 1368px + 0.7em );margin-left: calc(-0.7em \/ 2 );margin-right: calc(-0.7em \/ 2 );\"><div class=\"fusion-layout-column fusion_builder_column fusion-builder-column-0 fusion_builder_column_1_1 1_1 fusion-flex-column cnt_PagGen_Content_col\" style=\"--awb-bg-size:cover;--awb-width-large:100%;--awb-margin-top-large:0px;--awb-spacing-right-large:0.35em;--awb-margin-bottom-large:0px;--awb-spacing-left-large:0.35em;--awb-width-medium:100%;--awb-order-medium:0;--awb-spacing-right-medium:0.35em;--awb-spacing-left-medium:0.35em;--awb-width-small:100%;--awb-order-small:0;--awb-spacing-right-small:0.35em;--awb-spacing-left-small:0.35em;\" data-scroll-devices=\"small-visibility,medium-visibility,large-visibility\"><div class=\"fusion-column-wrapper fusion-column-has-shadow fusion-flex-justify-content-flex-start fusion-content-layout-column\"><div class=\"fusion-title title fusion-title-1 fusion-sep-none fusion-title-center fusion-title-text fusion-title-size-three\" style=\"--awb-text-color:var(--awb-color5);--awb-margin-top-small:10px;--awb-margin-right-small:0px;--awb-margin-bottom-small:10px;--awb-margin-left-small:0px;\"><h3 class=\"fusion-title-heading title-heading-center\" style=\"font-family:&quot;Ubuntu&quot;;font-style:normal;font-weight:700;margin:0;text-transform:uppercase;\">XIV CURS DE MALALTIES NEUROMUSCULARS<br \/>\n\u00abPROFESSORA ISABEL ILLA\u00bb<\/h3><\/div><div class=\"fusion-tabs fusion-tabs-1 classic nav-is-justified cnt_pestanas horizontal-tabs icon-position-left mobile-mode-carousel mobile-sticky-tabs\" style=\"--awb-title-border-radius-top-left:0px;--awb-title-border-radius-top-right:0px;--awb-title-border-radius-bottom-right:0px;--awb-title-border-radius-bottom-left:0px;--awb-alignment:start;--awb-inactive-color:#ffffff;--awb-background-color:var(--awb-color1);--awb-border-color:#ffffff;--awb-active-border-color:var(--awb-color5);\"><div class=\"nav\"><ul class=\"nav-tabs nav-justified\" role=\"tablist\"><li class=\"active\" role=\"presentation\"><a class=\"tab-link\" data-toggle=\"tab\" role=\"tab\" aria-controls=\"tab-6125cfba76d8efebbfc\" aria-selected=\"true\" id=\"fusion-tab-informaci\u00d3general\" href=\"#tab-6125cfba76d8efebbfc\"><h4 class=\"fusion-tab-heading\">INFORMACI\u00d3 GENERAL<\/h4><\/a><\/li><li role=\"presentation\"><a class=\"tab-link\" data-toggle=\"tab\" role=\"tab\" aria-controls=\"tab-8753265947e9b7ea033\" aria-selected=\"false\" tabindex=\"-1\" id=\"fusion-tab-professorat\" href=\"#tab-8753265947e9b7ea033\"><h4 class=\"fusion-tab-heading\">PROFESSORAT<\/h4><\/a><\/li><li role=\"presentation\"><a class=\"tab-link\" data-toggle=\"tab\" role=\"tab\" aria-controls=\"tab-26a0855dfb9db36a9ba\" aria-selected=\"false\" tabindex=\"-1\" id=\"fusion-tab-admissi\u00d3\" href=\"#tab-26a0855dfb9db36a9ba\"><h4 class=\"fusion-tab-heading\">ADMISSI\u00d3<\/h4><\/a><\/li><li role=\"presentation\"><a class=\"tab-link\" data-toggle=\"tab\" role=\"tab\" aria-controls=\"tab-e11cf04708f27b1efaa\" aria-selected=\"false\" tabindex=\"-1\" id=\"fusion-tab-programa\" href=\"#tab-e11cf04708f27b1efaa\"><h4 class=\"fusion-tab-heading\">PROGRAMA<\/h4><\/a><\/li><li role=\"presentation\"><a class=\"tab-link\" data-toggle=\"tab\" role=\"tab\" aria-controls=\"tab-cb8baae58ff7b0e9105\" aria-selected=\"false\" tabindex=\"-1\" id=\"fusion-tab-pl\u00c0nols\" href=\"#tab-cb8baae58ff7b0e9105\"><h4 class=\"fusion-tab-heading\">PL\u00c0NOLS<\/h4><\/a><\/li><li role=\"presentation\"><a class=\"tab-link\" data-toggle=\"tab\" role=\"tab\" aria-controls=\"tab-d18adac10312d5d55a5\" aria-selected=\"false\" tabindex=\"-1\" id=\"fusion-tab-patrocinadors\" href=\"#tab-d18adac10312d5d55a5\"><h4 class=\"fusion-tab-heading\">Patrocinadors<\/h4><\/a><\/li><\/ul><\/div><div class=\"tab-content\"><div class=\"tab-pane fade fusion-clearfix in active\" role=\"tabpanel\" tabindex=\"0\" aria-labelledby=\"fusion-tab-informaci\u00d3general\" id=\"tab-6125cfba76d8efebbfc\">\n<h6 class=\"wp-block-heading\">Del 27 al 29 de maig \u2013 2026 (Barcelona)<\/h6>\n<div class=\"cnt_info_curso\">\n<div class=\"cnt_slider\">\n<p>Les malalties neuromusculars constitueixen una varietat de patologies, majorit\u00e0riament poc comunes i sovint greus. La comprensi\u00f3 d&#8217;aquestes condicions experimenta un creixement exponencial.<\/p>\n<p>El Curs de Formaci\u00f3 en Malalties Neuromusculars ofereix un enfocament integral per a la capacitaci\u00f3 en patologia neuromuscular, per tal d&#8217;actualitzar i ampliar els coneixements de neur\u00f2legs i residents de quart any en neurologia. Els participants al curs es beneficiaran d&#8217;una formaci\u00f3 te\u00f2rica i pr\u00e0ctica que abordar\u00e0 aspectes cl\u00ednics, t\u00e8cniques diagn\u00f2stiques i opcions terap\u00e8utiques relacionades amb les principals patologies neuromusculars que es podrien trobar a la pr\u00e0ctica cl\u00ednica. En concloure el curs, els assistents veuran millorades les seves habilitats cl\u00edniques, tant a nivell diagn\u00f2stic com al terap\u00e8utic, en relaci\u00f3 amb aquestes malalties.<\/p>\n<p>Per poder participar del curs, caldr\u00e0 formalitzar la preinscripci\u00f3 mitjan\u00e7ant un formulari a la nostra web entre el 9 de febrer i el 9 de mar\u00e7 de 2026. Despr\u00e9s de la selecci\u00f3 dels alumnes, se&#8217;ls comunicar\u00e0 als admesos en un termini d&#8217;una setmana des que acabi la preinscripci\u00f3.<\/p>\n<\/div>\n<\/div>\n<\/div><div class=\"tab-pane fade fusion-clearfix\" role=\"tabpanel\" tabindex=\"0\" aria-labelledby=\"fusion-tab-professorat\" id=\"tab-8753265947e9b7ea033\">\n<h6 id=\"tit_anclaje1\" class=\"wp-block-heading anclaje_btn_cab\">PROFESSORAT<\/h6>\n<ul class=\"wp-block-list\">\n<li><strong>Dra. Macarena Cabrera-Serrano<\/strong>. Serv. de Neurolog\u00eda \u2013 Hospital Virgen del Roc\u00edo, Sevilla<\/li>\n<li><a href=\"https:\/\/www.neuromuscularbcn.org\/quienes_somos\/alvaro-carbayo-viejo\/\" target=\"_blank\" rel=\"noreferrer noopener\"><strong>Dr. Alvaro Carbayo<\/strong><\/a>. Und. de Enfermedades Neuromusculares \u2013 Hospital de la Santa Creu i Sant Pau<\/li>\n<li><strong>Dr. Roger Collet<\/strong>. Und. de Enfermedades Neuromusculares \u2013 Hospital de la Santa Creu i Sant Pau<\/li>\n<li><a href=\"https:\/\/www.neuromuscularbcn.org\/quienes_somos\/elena-cortes-vicente\/\"><strong>Dra. Elena Cort\u00e9s<\/strong><\/a>. Und. de Enfermedades Neuromusculares \u2013 Hospital de la Santa Creu i Sant Pau<\/li>\n<li><strong>Dr. Roberto Fernandez Torr\u00f3n<\/strong>. Hospital Universitario de Donostia<\/li>\n<li><strong>Dra. Luc\u00eda Gal\u00e1n<\/strong>. Serv. de Neurolog\u00eda \u2013 Hospital Cl\u00ednico de Madrid<\/li>\n<li><strong>Dr. Alberto Gallardo<\/strong>. Serv. de Anatom\u00eda Patol\u00f3gica \u2013 Hospital de la Santa Creu i Sant Pau<\/li>\n<li><a href=\"https:\/\/www.neuromuscularbcn.org\/quienes_somos\/eduard-gallardo-vigo\/\"><strong>Dr. Eduard Gallardo<\/strong><\/a>. Und. de Enfermedades Neuromusculares \u2013 Institut de Recerca Hospital de Sant Pau<\/li>\n<li><strong>Dra. Ivonne Jeric\u00f3<\/strong>. Serv. de Neurolog\u00eda \u2013 Hospital Universitario de Navarra, Pamplona<\/li>\n<li><strong>Dr. Solange Kapetanovic<\/strong>. Serv. de Neurolog\u00eda \u2013 Hospital de Basurto, Bilbao<\/li>\n<li><a href=\"https:\/\/www.neuromuscularbcn.org\/quienes_somos\/laura-llanso-caldentey\/\" target=\"_blank\" rel=\"noreferrer noopener\"><strong>Dra. Laura Llans\u00f3<\/strong><\/a>. Und. de Enfermedades Neuromusculares \u2013 Hospital de la Santa Creu i Sant Pau<\/li>\n<li><a href=\"https:\/\/www.neuromuscularbcn.org\/quienes_somos\/cinta-lleixa\/\"><strong>Dra. Cinta Lleix\u00e0<\/strong><\/a>. Und. de Enfermedades Neuromusculares \u2013 Institut de Recerca Hospital de Sant Pau<\/li>\n<li><strong>Dr. Miguel \u00c1ngel Mart\u00edn Casanueva<\/strong>. Serv. de Gen\u00e9tica \u2013 Hospital 12 de Octubre, Madrid<\/li>\n<li><a href=\"https:\/\/www.neuromuscularbcn.org\/quienes_somos\/lorena-martin-aguilar\/\"><strong>Dra. Lorena Mart\u00edn<\/strong><\/a>. Und. de Enfermedades Neuromusculares \u2013 Hospital de la Santa Creu i Sant Pau<\/li>\n<li><strong>Dr. Carlos Ortez<\/strong>. Und. de Enfermedades Neuromusculares \u2013 Hospital Sant Joan de Deu<\/li>\n<li><a href=\"https:\/\/www.neuromuscularbcn.org\/quienes_somos\/elba-pascual-goni\/\"><strong>Dra. Elba Pascual<\/strong><\/a>. Und. de Enfermedades Neuromusculares \u2013 Hospital de la Santa Creu i Sant Pau<\/li>\n<li><strong>Dra. Carmen Paradas<\/strong>. Serv. de Neurolog\u00eda \u2013 Hospital Virgen del Roc\u00edo, Sevilla<\/li>\n<li><strong>Dr. Julio Pardo<\/strong>. Serv. de Neurolog\u00eda \u2013 Hospital Cl\u00ednico de Santiago de Compostela<\/li>\n<li><strong>Dra. M. Pia Gallano<\/strong>. Serv. de Gen\u00e9tica \u2013 Hospital de la Santa Creu i Sant Pau<\/li>\n<li><a href=\"https:\/\/www.neuromuscularbcn.org\/quienes_somos\/luis-querol-gutierrez\/\"><strong>Dr. Luis Querol<\/strong><\/a>. Und. de Enfermedades Neuromusculares \u2013 Hospital de la Santa Creu i Sant Pau<\/li>\n<li><a href=\"https:\/\/www.neuromuscularbcn.org\/quienes_somos\/ricard-rojas-garcia\/\"><strong>Dr. Ricard Rojas<\/strong><\/a>. Und. de Enfermedades Neuromusculares \u2013 Hospital de la Santa Creu i Sant Pau<\/li>\n<li><strong>Dr. I\u00f1igo Rojas-Marcos<\/strong>. Serv. de Neurolog\u00eda \u2013 Hospital Virgen del Roc\u00edo, Sevilla<\/li>\n<li><strong>Dra. Marianela Schiava<\/strong>. Newcastle University, UK<\/li>\n<li><strong>Dra. Teresa Sevilla<\/strong>. Serv. de Neurolog\u00eda \u2013 Hospital La Fe, Valencia<\/li>\n<li><a href=\"https:\/\/www.neuromuscularbcn.org\/quienes_somos\/janina-turon-i-sans\/\"><strong>Dra. Janina Turon<\/strong><\/a>. Und. de Enfermedades Neuromusculares \u2013 Hospital de la Santa Creu i Sant Pau<\/li>\n<li><a href=\"https:\/\/www.neuromuscularbcn.org\/quienes_somos\/ana-vesperinas-castro\/\" target=\"_blank\" rel=\"noreferrer noopener\"><strong>Dra. Ana Vesperinas<\/strong><\/a>. Und. de Enfermedades Neuromusculares \u2013 Hospital de la Santa Creu i Sant Pau<\/li>\n<\/ul>\n<\/div><div class=\"tab-pane fade fusion-clearfix\" role=\"tabpanel\" tabindex=\"0\" aria-labelledby=\"fusion-tab-admissi\u00d3\" id=\"tab-26a0855dfb9db36a9ba\">\n<h6 id=\"tit_anclaje2\" class=\"wp-block-heading anclaje_btn_cab\">ADMISSI\u00d3<\/h6>\n<p>Per admetre el curs es donar\u00e0 prioritat als adjunts de neurologia o residents de quart any de lespecialitat. Aix\u00ed com els alumnes que no hagin tingut pla\u00e7a en anys anteriors. S\u00b4informar\u00e0 de l\u00b4admissi\u00f3 al curs, una setmana despr\u00e9s de tancar el termini de preinscripci\u00f3.<\/p>\n<p>Per a la modalitat presencial del curs, <strong>no s&#8217;admet cap alumne que no pugui participar del curs en la seva totalitat<\/strong>.<\/p>\n<div id=\"gtx-trans\" style=\"position: absolute; left: 786px; top: 152.016px;\">\n<div class=\"gtx-trans-icon\"><\/div>\n<\/div>\n<\/div><div class=\"tab-pane fade fusion-clearfix\" role=\"tabpanel\" tabindex=\"0\" aria-labelledby=\"fusion-tab-programa\" id=\"tab-e11cf04708f27b1efaa\">\n<h6 id=\"tit_anclaje3\" class=\"wp-block-heading anclaje_btn_cab\">PROGRAMA<\/h6>\n<div id=\"supercnt_programa\"><div id=\"cola_0\" class=\"img_cola img_cola_sobre\" style=\"max-width:70em;height:9em;margin:auto;background-image: url(https:\/\/www.neuromuscularbcn.org\/wp-content\/themes\/NMSP_v3\/imgs\/logos_cabera_programa_2025_02_11.png?7942) \"><\/div><div id=\"cnt_enlace_pdf\" style=\"\"><a href=\"\" target=\"_parent\">Programa provisional<\/a><\/div><div id=\"cnt_programa\"><div class=\"cnt_aviso\" style=\"background-color: #e3e381;display:none; padding: 1em\"><div class=\"aviso\"><div style=\"text-align:center;font-size: 1.8em; font-weight: 900; text-transform: uppercase; color: #683b3b\">Aviso para los alumnos<\/div><div style=\"text-align:center;color: #683b3b;font-size: 1.2em; line-height: 1.2em; font-weight: 900; \">Debido a problemas log\u00edsticos, nos vemos obligados a modificar la distribuci\u00f3n de los bloques de pr\u00e1cticas. <br\/>Para cualquier duda, consulte con la organizaci\u00f3n del curso<\/div><\/div><\/div><div class=\"cnt_dia\"><table class=\"tbl_jornada\"><thead><tr><th colspan=\"2\">Sesi\u00f3n 1 - Mi\u00e9rcoles 27\/05\/2026<\/th><\/tr><\/thead><tbody><tr class=\"fila_actividad\"><td class=\"cnt_horario\">08:15 - 08:30<\/td><td class=\"cnt_actividad\"><div class=\"tit_acti\">Entrega documentaci\u00f3n<\/div><\/td><\/tr><tr class=\"fila_actividad\"><td class=\"cnt_horario\">08:30 - 09:00<\/td><td class=\"cnt_actividad\"><div class=\"tit_acti\">Introducci\u00f3n institucional y bienvenida al curso<\/div><div class=\"ponent_acti\"><span>Dr. Diego Castillo<\/span><span class=\"separador\"><i class=\"fa fa-caret-right\"><\/i><\/span><span class=\"ponent_hosp_acti\">Director Enfermedades Minoritarias. Hospital de la Santa Creu i Sant Pau<\/span><\/div><div class=\"ponent_acti\"><span>Dr. Luis Querol<\/span><span class=\"separador\"><i class=\"fa fa-caret-right\"><\/i><\/span><span class=\"ponent_hosp_acti\">Unidad de Enfermedades Neuromusculares HSCSP - Coordinador del curso<\/span><\/div><\/td><\/tr><tr class=\"fila_actividad\"><td class=\"cnt_horario\" >09:00 - 09:45<\/td><td class=\"cnt_actividad\"><div class=\"tit_acti\">APROXIMACI\u00d3N DIAGN\u00d3STICA A LOS PACIENTES CON ENM<\/div><div class=\"ponent_acti\"><span>Dra. Elena Cort\u00e9s<\/span><span class=\"separador\"><i class=\"fa fa-caret-right\"><\/i><\/span><span class=\"ponent_hosp_acti\">Und. de Enfermedades Neuromusculares \u2013 Hospital de la Santa Creu i Sant Pau<\/span><\/div><\/td><\/tr><tr class=\"fila_actividad\"><td class=\"cnt_horario\">09:45 - 10:15<\/td><td class=\"cnt_actividad\"><div class=\"tit_acti\">ABORDAJE DEL DIAGN\u00d3STICO MOLECULAR DE LAS ENM<\/div><div class=\"ponent_acti\"><span>Dra. Lidia Gonz\u00e1lez<\/span><span class=\"separador\"><i class=\"fa fa-caret-right\"><\/i><\/span><span class=\"ponent_hosp_acti\">Serv. de Gen\u00e9tica \u2013 Hospital de la Santa Creu i Sant Pau<\/span><\/div><\/td><\/tr><tr class=\"fila_actividad\"><td class=\"cnt_horario\">10:15 - 10:30<\/td><td class=\"cnt_actividad\"><div class=\"tit_acti\">Preguntas<\/div><\/td><\/tr><tr class=\"fila_actividad\"><td class=\"cnt_horario\">10:30 - 11:00<\/td><td class=\"cnt_actividad\"><div class=\"tit_acti\">Descanso\/Caf\u00e9<\/div><\/td><\/tr><tr class=\"fila_actividad\"><td class=\"cnt_horario\">11:00 - 12:15<\/td><td class=\"cnt_actividad\"><div class=\"tit_acti\">ELA Y OTRAS ENFERMEDADES DE LAS MOTONEURONAS<\/div><div class=\"ponent_acti\"><span>Dr. Ricard Rojas<\/span><span class=\"separador\"><i class=\"fa fa-caret-right\"><\/i><\/span><span class=\"ponent_hosp_acti\">Und. de Enfermedades Neuromusculares \u2013 Hospital de la Santa Creu i Sant Pau<\/span><\/div><\/td><\/tr><tr class=\"fila_actividad\"><td class=\"cnt_horario\">12:15 - 13:15<\/td><td class=\"cnt_actividad\"><div class=\"tit_acti\">MANEJO CL\u00cdNICO Y TERAP\u00c9UTICO DE LA MIASTENIA GRAVIS Y EL S\u00cdNDROME DE EATON LAMBERT<\/div><div class=\"ponent_acti\"><span>Dra. Elena Cort\u00e9s<\/span><span class=\"separador\"><i class=\"fa fa-caret-right\"><\/i><\/span><span class=\"ponent_hosp_acti\">Und. de Enfermedades Neuromusculares \u2013 Hospital de la Santa Creu i Sant Pau<\/span><\/div><\/td><\/tr><tr class=\"fila_actividad\"><td class=\"cnt_horario\">13:15 - 13:30<\/td><td class=\"cnt_actividad\"><div class=\"tit_acti\">Preguntas<\/div><\/td><\/tr><tr class=\"fila_actividad\"><td class=\"cnt_horario\">13:30 - 14:30<\/td><td class=\"cnt_actividad\"><div class=\"tit_acti\">Comida<\/div><\/td><\/tr>\n\t\t\t\t\t\t\t\t\t\t\t<tr class=\"fila_actividad\">\n\t\t\t\t\t\t\t\t\t\t\t\t<td class=\"cnt_horario\">14:30 - 17:30<\/td>\n\t\t\t\t\t\t\t\t\t\t\t\t<td class=\"cnt_actividad\">\n\t\t\t\t\t\t\t\t\t\t\t\t\t<div class=\"tit_acti\">Tres bloques de pr\u00e1cticas<\/div>\n\t\t\t\t\t\t\t\t\t\t\t\t\t<div class=\"bloques_practicas\">\n\t\t\t\t\t\t\t\t\t\t\t\t\t\t<div class=\"bloque_practicas\">\n\t\t\t\t\t\t\t\t\t\t\t\t\t\t\t<div class=\"num_grup\">Grupo 1:<\/div>\n\t\t\t\t\t\t\t\t\t\t\t\t\t\t\t<div class=\"nom_grup\">Taller de EMG<\/div>\n\t\t\t\t\t\t\t\t\t\t\t\t\t\t\t<div class=\"coordinadores\">\n\t\t\t\t\t\t\t\t\t\t\t\t\t\t\t\t<ul>\n\t\t\t\t\t\t\t\t\t\t\t\t\t\t\t\t\t<li class=\"coordina\"><span>Dra. Janina Turon i Sans<\/span><span class=\"separador\"><i class=\"fa fa-caret-right\"><\/i><\/span><span class=\"ponent_hosp_acti\">Und. de Enfermedades Neuromusculares \u2013 Hospital de la Santa Creu i Sant Pau<\/span><\/li>\n\t\t\t\t\t\t\t\t\t\t\t\t\t\t\t\t\t<li class=\"coordina\"><span>Dr. \u00c1lvaro Carbayo <\/span><span class=\"separador\"><i class=\"fa fa-caret-right\"><\/i><\/span><span class=\"ponent_hosp_acti\">Und. de Enfermedades Neuromusculares \u2013 Hospital de la Santa Creu i Sant Pau<\/span><\/li>\n\t\t\t\t\t\t\t\t\t\t\t\t\t\t\t\t<\/ul>\n\t\t\t\t\t\t\t\t\t\t\t\t\t\t\t<\/div>\n\t\t\t\t\t\t\t\t\t\t\t\t\t\t<\/div>\n\t\t\t\t\t\t\t\t\n\t\t\t\t\t\t\t\t\t\t\t\t\t\t<div class=\"bloque_practicas\">\n\t\t\t\t\t\t\t\t\t\t\t\t\t\t\t<div class=\"num_grup\">Grupo 2:<\/div>\n\t\t\t\t\t\t\t\t\t\t\t\t\t\t\t<div class=\"coordinadores\">\n\t\t\t\t\t\t\t\t\t\t\t\t\t\t\t\t<ul>\n\t\t\t\t\t\t\t\t\t\t\t\t\t\t\t\t\t<li class=\"subgrupo_tit\">T\u00e9cnicas de laboratorio aplicadas a ENM<\/li>\n\t\t\t\t\t\t\t\t\t\t\t\t\t\t\t\t\t<li class=\"coordina\"><span>Dra. Cinta Lleix\u00e0<\/span><span class=\"separador\"><i class=\"fa fa-caret-right\"><\/i><\/span><span class=\"ponent_hosp_acti\">Und. de Enfermedades Neuromusculares \u2013 Institut de Recerca Sant Pau<\/span><\/li>\n\t\t\t\t\t\t\t\t\t\t\t\t\t\t\t\t\t<li class=\"coordina\"><span>Dra. Elba Pascual<\/span><span class=\"separador\"><i class=\"fa fa-caret-right\"><\/i><\/span><span class=\"ponent_hosp_acti\">Und. de Enfermedades Neuromusculares \u2013 Hospital de la Santa Creu i Sant Pau<\/span><\/li>\n\t\t\t\t\t\t\t\t\t\t\t\t\t\t\t\t\t<li class=\"coordina\"><span>Dra. Lorena Mart\u00edn<\/span><span class=\"separador\"><i class=\"fa fa-caret-right\"><\/i><\/span><span class=\"ponent_hosp_acti\">Und. de Enfermedades Neuromusculares \u2013 Hospital de la Santa Creu i Sant Pau<\/span><\/li>\n\t\t\t\t\t\t\t\t\t\t\t\t\t\t\t\t<\/ul>\n\t\t\t\t\t\t\t\t\t\t\t\t\t\t\t\t<ul>\n\t\t\t\t\t\t\t\t\t\t\t\t\t\t\t\t\t<li class=\"subgrupo_tit\">Resonancia muscular<\/li>\n\t\t\t\t\t\t\t\t\t\t\t\t\t\t\t\t\t<li class=\"coordina\"><span>Dr. Roberto Fern\u00e1ndez Torr\u00f3n<\/span><span class=\"separador\"><i class=\"fa fa-caret-right\"><\/i><\/span><span class=\"ponent_hosp_acti\">Hospital Universitario de Donostia<\/span><\/li>\n\t\t\t\t\t\t\t\t\t\t\t\t\t\t\t\t<\/ul>\n\t\t\t\t\t\t\t\t\t\t\t\t\t\t\t\t<ul>\n\t\t\t\t\t\t\t\t\t\t\t\t\t\t\t\t\t<li class=\"subgrupo_tit\">Registros de ENM<\/li>\n\t\t\t\t\t\t\t\t\t\t\t\t\t\t\t\t\t<li class=\"coordina\"><span>Dra. Elena Cort\u00e9s<\/span><span class=\"separador\"><i class=\"fa fa-caret-right\"><\/i><\/span><span class=\"ponent_hosp_acti\">Und. de Enfermedades Neuromusculares \u2013 Hospital de la Santa Creu i Sant Pau<\/span><\/li>\n\t\t\t\t\t\t\t\t\t\t\t\t\t\t\t\t<\/ul>\n\t\t\t\t\t\t\t\t\t\t\t\t\t\t\t<\/div>\n\t\t\t\t\t\t\t\t\t\t\t\t\t\t<\/div>\n\t\t\t\t\t\t\t\t\t\t\t\t\t\t<div class=\"bloque_practicas\" style=\"\">\n\t\t\t\t\t\t\t\t\t\t\t\t\t\t\t<div class=\"num_grup\">Grupo 3:<\/div>\n\t\t\t\t\t\t\t\t\t\t\t\t\t\t\t<div class=\"nom_grup\">Interpretaci\u00f3n de la biopsia muscular<\/div>\n\t\t\t\t\t\t\t\t\t\t\t\t\t\t\t<div class=\"coordinadores\">\n\t\t\t\t\t\t\t\t\t\t\t\t\t\t\t\t<ul>\n\t\t\t\t\t\t\t\t\t\t\t\t\t\t\t\t\t<li class=\"coordina\"><span>Dra. Laura Llans\u00f3<\/span><span class=\"separador\"><i class=\"fa fa-caret-right\"><\/i><\/span><span class=\"ponent_hosp_acti\">Und. de Enfermedades Neuromusculares \u2013 Hospital de la Santa Creu i Sant Pau<\/span><\/li>\n\t\t\t\t\t\t\t\t\t\t\t\t\t\t\t\t\t<li class=\"coordina\"><span>Dr. Eduard Gallardo<\/span><span class=\"separador\"><i class=\"fa fa-caret-right\"><\/i><\/span><span class=\"ponent_hosp_acti\">Und. de Enfermedades Neuromusculares \u2013 Institut de Recerca Sant Pau<\/span><\/li>\n\t\t\t\t\t\t\t\t\t\t\t\t\t\t\t\t\t<li class=\"coordina\"><span>Dr. Alberto Gallardo<\/span><span class=\"separador\"><i class=\"fa fa-caret-right\"><\/i><\/span><span class=\"ponent_hosp_acti\">Serv. de Anatom\u00eda Patol\u00f3gica \u2013 Hospital de la Santa Creu i Sant Pau<\/span><\/li>\n\t\t\t\t\t\t\t\t\t\t\t\t\t\t\t\t<\/ul>\n\t\t\t\t\t\t\t\t\t\t\t\t\t\t\t<\/div>\n\t\t\t\t\t\t\t\t\t\t\t\t\t\t<\/div>\n\t\t\t\t\t\t\t\t\t\t\t\t\t<\/div>\n\t\t\t\t\t\t\t\t\t\t\t\t<\/td>\n\t\t\t\t\t\t\t\t\t\t\t<\/tr>\n\t<tr class=\"fila_actividad\"><td class=\"cnt_horario\">17:30 - 18:00<\/td><td class=\"cnt_actividad\"><div class=\"tit_acti\">Descanso\/Caf\u00e9<\/div><\/td><\/tr><tr class=\"fila_actividad\"><td class=\"cnt_horario\">18:00 - 19:30<\/td><td class=\"cnt_actividad\"><div class=\"tit_acti\">Presentaci\u00f3n y discusi\u00f3n de casos cl\u00ednicos<\/div><div class=\"ponent_acti\"><span>Dr. Ra\u00fal Juntas<\/span><span class=\"separador\"><i class=\"fa fa-caret-right\"><\/i><\/span><span class=\"ponent_hosp_acti\">Serv. de Neurolog\u00eda \u2013 Hospital Universitario Vall d\u2019Hebron<\/span><\/div><div class=\"ponent_acti\"><span>Dr. Solange Kapetanovic<\/span><span class=\"separador\"><i class=\"fa fa-caret-right\"><\/i><\/span><span class=\"ponent_hosp_acti\">Serv. de Neurolog\u00eda \u2013 Hospital de Basurto, Bilbao<\/span><\/div><div class=\"ponent_acti\"><span>Dr. Roser Velasco<\/span><span class=\"separador\"><i class=\"fa fa-caret-right\"><\/i><\/span><span class=\"ponent_hosp_acti\">Institut Catal\u00e1 d\u2019Oncologia, Hospitalet del Llobregat<\/span><\/div><\/td><\/tr><tr class=\"fila_actividad\"><td class=\"cnt_horario\">21:00<\/td><td class=\"cnt_actividad\"><div class=\"tit_acti\">Cena del grupo<\/div><\/td><\/tr><\/tbody><\/table><\/div><div class=\"cnt_dia\"><table class=\"tbl_jornada\"><thead><tr><th colspan=\"2\">Sesi\u00f3n 2 - Jueves 28\/05\/2026<\/th><\/tr><\/thead><tbody><tr class=\"fila_actividad\"><td class=\"cnt_horario\">09:00 - 09:30<\/td><td class=\"cnt_actividad\"><div class=\"tit_acti\">Algoritmo diagn\u00f3stico de las neuropat\u00edas adquiridas<\/div><div class=\"ponent_acti\"><span>Dr. Julio Pardo<\/span><span class=\"separador\"><i class=\"fa fa-caret-right\"><\/i><\/span><span class=\"ponent_hosp_acti\">Serv. de Neurolog\u00eda \u2013 Hospital Cl\u00ednico de Santiago de Compostela<\/span><\/div><\/td><\/tr><tr class=\"fila_actividad\"><td class=\"cnt_horario\">09:30 - 10:00<\/td><td class=\"cnt_actividad\"><div class=\"tit_acti\">Enfermedad de Charcot-Marie-Tooth: fenotipos y estrategias para orientar el estudio molecular<\/div><div class=\"ponent_acti\"><span>Dra. Teresa Sevilla<\/span><span class=\"separador\"><i class=\"fa fa-caret-right\"><\/i><\/span><span class=\"ponent_hosp_acti\">Serv. de Neurolog\u00eda \u2013 Hospital La Fe, Valencia<\/span><\/div><\/td><\/tr><tr class=\"fila_actividad\"><td class=\"cnt_horario\">10:00 - 10:30<\/td><td class=\"cnt_actividad\"><div class=\"tit_acti\">ALGORITMO DIAGN\u00d3STICO Y APROXIMACI\u00d3N TERAP\u00c9UTICA A LAS POLINEUROPAT\u00cdAS DE FIBRA PEQUE\u00d1A<\/div><div class=\"ponent_acti\"><span>Dra. Luc\u00eda Gal\u00e1n<\/span><span class=\"separador\"><i class=\"fa fa-caret-right\"><\/i><\/span><span class=\"ponent_hosp_acti\">Serv. de Neurolog\u00eda \u2013 Hospital Cl\u00ednico de Madrid<\/span><\/div><\/td><\/tr><tr class=\"fila_actividad\"><td class=\"cnt_horario\">10:30 - 11:00<\/td><td class=\"cnt_actividad\"><div class=\"tit_acti\">CIDP Y OTRAS NEUROPAT\u00cdAS INMUNOMEDIADAS CR\u00d3NICAS<\/div><div class=\"ponent_acti\"><span>Dr. Ricard Rojas<\/span><span class=\"separador\"><i class=\"fa fa-caret-right\"><\/i><\/span><span class=\"ponent_hosp_acti\">Und. de Enfermedades Neuromusculares \u2013 Hospital de la Santa Creu i Sant Pau<\/span><\/div><\/td><\/tr><tr class=\"fila_actividad\"><td class=\"cnt_horario\">11:00 - 11:15<\/td><td class=\"cnt_actividad\"><div class=\"tit_acti\">Preguntas<\/div><\/td><\/tr><tr class=\"fila_actividad\"><td class=\"cnt_horario\">11:15 - 11:45<\/td><td class=\"cnt_actividad\"><div class=\"tit_acti\">Descanso\/Caf\u00e9<\/div><\/td><\/tr><tr class=\"fila_actividad\"><td class=\"cnt_horario\">11:45 - 12:15<\/td><td class=\"cnt_actividad\"><div class=\"tit_acti\">S\u00cdNDROME DE GUILLAIN BARR\u00c9 Y \"NODOPAT\u00cdAS\"<\/div><div class=\"ponent_acti\"><span>Dr. Luis Querol<\/span><span class=\"separador\"><i class=\"fa fa-caret-right\"><\/i><\/span><span class=\"ponent_hosp_acti\">Und. de Enfermedades Neuromusculares \u2013 Hospital de la Santa Creu i Sant Pau<\/span><\/div><\/td><\/tr><tr class=\"fila_actividad\"><td class=\"cnt_horario\">12:15 - 12:45<\/td><td class=\"cnt_actividad\"><div class=\"tit_acti\">MIOPAT\u00cdAS ADQUIRIDAS<\/div><div class=\"ponent_acti\"><span>Dra. Laura Llans\u00f3<\/span><span class=\"separador\"><i class=\"fa fa-caret-right\"><\/i><\/span><span class=\"ponent_hosp_acti\">Und. de Enfermedades Neuromusculares \u2013 Hospital de la Santa Creu i Sant Pau<\/span><\/div><\/td><\/tr><tr class=\"fila_actividad\"><td class=\"cnt_horario\">12:45 - 13:00<\/td><td class=\"cnt_actividad\"><div class=\"tit_acti\">Preguntas<\/div><\/td><\/tr><tr class=\"fila_actividad\"><td class=\"cnt_horario\">13:00 - 14:30<\/td><td class=\"cnt_actividad\"><div class=\"tit_acti\">Comida de trabajo<\/div><\/td><\/tr>\n\t\t\t\t\t\t\t\t\t\t\t<tr class=\"fila_actividad\">\n\t\t\t\t\t\t\t\t\t\t\t\t<td class=\"cnt_horario\">14:30 - 17:30<\/td>\n\t\t\t\t\t\t\t\t\t\t\t\t<td class=\"cnt_actividad\">\n\t\t\t\t\t\t\t\t\t\t\t\t\t<div class=\"tit_acti\">Tres bloques de pr\u00e1cticas<\/div>\n\t\t\t\t\t\t\t\t\t\t\t\t\t<div class=\"bloques_practicas\">\n\t\t\t\t\t\t\t\t\t\t\t\t\t\t<div class=\"bloque_practicas\">\n\t\t\t\t\t\t\t\t\t\t\t\t\t\t\t<div class=\"num_grup\">Grupo 1:<\/div>\n\t\t\t\t\t\t\t\t\t\t\t\t\t\t\t<div class=\"coordinadores\">\n\t\t\t\t\t\t\t\t\t\t\t\t\t\t\t\t<ul>\n\t\t\t\t\t\t\t\t\t\t\t\t\t\t\t\t\t<li class=\"subgrupo_tit\">T\u00e9cnicas de laboratorio aplicadas a ENM<\/li>\n\t\t\t\t\t\t\t\t\t\t\t\t\t\t\t\t\t<li class=\"coordina\"><span>Dra. Cinta Lleix\u00e0<\/span><span class=\"separador\"><i class=\"fa fa-caret-right\"><\/i><\/span><span class=\"ponent_hosp_acti\">Und. de Enfermedades Neuromusculares \u2013 Institut de Recerca Sant Pau<\/span><\/li>\n\t\t\t\t\t\t\t\t\t\t\t\t\t\t\t\t\t<li class=\"coordina\"><span>Dra. Elba Pascual<\/span><span class=\"separador\"><i class=\"fa fa-caret-right\"><\/i><\/span><span class=\"ponent_hosp_acti\">Und. de Enfermedades Neuromusculares \u2013 Hospital de la Santa Creu i Sant Pau<\/span><\/li>\n\t\t\t\t\t\t\t\t\t\t\t\t\t\t\t\t\t<li class=\"coordina\"><span>Dra. Lorena Mart\u00edn<\/span><span class=\"separador\"><i class=\"fa fa-caret-right\"><\/i><\/span><span class=\"ponent_hosp_acti\">Und. de Enfermedades Neuromusculares \u2013 Hospital de la Santa Creu i Sant Pau<\/span><\/li>\n\t\t\t\t\t\t\t\t\t\t\t\t\t\t\t\t<\/ul>\n\t\t\t\t\t\t\t\t\t\t\t\t\t\t\t\t<ul>\n\t\t\t\t\t\t\t\t\t\t\t\t\t\t\t\t\t<li class=\"subgrupo_tit\">Resonancia muscular<\/li>\n\t\t\t\t\t\t\t\t\t\t\t\t\t\t\t\t\t<li class=\"coordina\"><span>Dr. Roberto Fern\u00e1ndez Torr\u00f3n<\/span><span class=\"separador\"><i class=\"fa fa-caret-right\"><\/i><\/span><span class=\"ponent_hosp_acti\">Hospital Universitario de Donostia<\/span><\/li>\n\t\t\t\t\t\t\t\t\t\t\t\t\t\t\t\t<\/ul>\n\t\t\t\t\t\t\t\t\t\t\t\t\t\t\t\t<ul>\n\t\t\t\t\t\t\t\t\t\t\t\t\t\t\t\t\t<li class=\"subgrupo_tit\">Registros de ENM<\/li>\n\t\t\t\t\t\t\t\t\t\t\t\t\t\t\t\t\t<li class=\"coordina\"><span>Dra. Elena Cort\u00e9s<\/span><span class=\"separador\"><i class=\"fa fa-caret-right\"><\/i><\/span><span class=\"ponent_hosp_acti\">Und. de Enfermedades Neuromusculares \u2013 Hospital de la Santa Creu i Sant Pau<\/span><\/li>\n\t\t\t\t\t\t\t\t\t\t\t\t\t\t\t\t<\/ul>\n\t\t\t\t\t\t\t\t\t\t\t\t\t\t\t<\/div>\n\t\t\t\t\t\t\t\t\t\t\t\t\t\t<\/div>\n\t\t\t\t\t\t\t\t\t\t\t\t\t\t<div class=\"bloque_practicas\">\n\t\t\t\t\t\t\t\t\t\t\t\t\t\t\t<div class=\"num_grup\">Grupo 2:<\/div>\n\t\t\t\t\t\t\t\t\t\t\t\t\t\t\t<div class=\"nom_grup\">Interpretaci\u00f3n de la biopsia muscular<\/div>\n\t\t\t\t\t\t\t\t\t\t\t\t\t\t\t<div class=\"coordinadores\">\n\t\t\t\t\t\t\t\t\t\t\t\t\t\t\t\t<ul>\n\t\t\t\t\t\t\t\t\t\t\t\t\t\t\t\t\t<li class=\"coordina\"><span>Dra. Laura Llans\u00f3<\/span><span class=\"separador\"><i class=\"fa fa-caret-right\"><\/i><\/span><span class=\"ponent_hosp_acti\">Und. de Enfermedades Neuromusculares \u2013 Hospital de la Santa Creu i Sant Pau<\/span><\/li>\n\t\t\t\t\t\t\t\t\t\t\t\t\t\t\t\t\t<li class=\"coordina\"><span>Dr. Eduard Gallardo<\/span><span class=\"separador\"><i class=\"fa fa-caret-right\"><\/i><\/span><span class=\"ponent_hosp_acti\">Und. de Enfermedades Neuromusculares \u2013 Institut de Recerca Sant Pau<\/span><\/li>\n\t\t\t\t\t\t\t\t\t\t\t\t\t\t\t\t\t<li class=\"coordina\"><span>Dr. Alberto Gallardo<\/span><span class=\"separador\"><i class=\"fa fa-caret-right\"><\/i><\/span><span class=\"ponent_hosp_acti\">Serv. de Anatom\u00eda Patol\u00f3gica \u2013 Hospital de la Santa Creu i Sant Pau<\/span><\/li>\n\t\t\t\t\t\t\t\t\t\t\t\t\t\t\t\t<\/ul>\n\t\t\t\t\t\t\t\t\t\t\t\t\t\t\t<\/div>\n\t\t\t\t\t\t\t\t\t\t\t\t\t\t<\/div>\n\n\t\t\t\t\t\t\t\t\t\t\t\t\t\t<div class=\"bloque_practicas\">\n\t\t\t\t\t\t\t\t\t\t\t\t\t\t\t<div class=\"num_grup\">Grupo 3:<\/div>\n\t\t\t\t\t\t\t\t\t\t\t\t\t\t\t<div class=\"nom_grup\">Taller de EMG<\/div>\n\t\t\t\t\t\t\t\t\t\t\t\t\t\t\t<div class=\"coordinadores\">\n\t\t\t\t\t\t\t\t\t\t\t\t\t\t\t\t<ul>\n\t\t\t\t\t\t\t\t\t\t\t\t\t\t\t\t\t<li class=\"coordina\"><span>Dra. Janina Turon i Sans<\/span><span class=\"separador\"><i class=\"fa fa-caret-right\"><\/i><\/span><span class=\"ponent_hosp_acti\">Und. de Enfermedades Neuromusculares \u2013 Hospital de la Santa Creu i Sant Pau<\/span><\/li>\n\t\t\t\t\t\t\t\t\t\t\t\t\t\t\t\t\t<li class=\"coordina\"><span>Dr. \u00c1lvaro Carbayo <\/span><span class=\"separador\"><i class=\"fa fa-caret-right\"><\/i><\/span><span class=\"ponent_hosp_acti\">Und. de Enfermedades Neuromusculares \u2013 Hospital de la Santa Creu i Sant Pau<\/span><\/li>\n\t\t\t\t\t\t\t\t\t\t\t\t\t\t\t\t<\/ul>\n\t\t\t\t\t\t\t\t\t\t\t\t\t\t\t<\/div>\n\t\t\t\t\t\t\t\t\t\t\t\t\t\t<\/div>\n\t\t\t\t\t\t\t\t\t\t\t\t\t<\/div>\n\t\t\t\t\t\t\t\t\t\t\t\t\t\n\t\t\t\t\t\t\t\t\t\t\t\t<\/td>\n\t\t\t\t\t\t\t\t\t\t\t<\/tr>\n\t<tr class=\"fila_actividad\"><td class=\"cnt_horario\">17:30 - 18:00<\/td><td class=\"cnt_actividad\"><div class=\"tit_acti\">Descanso<\/div><\/td><\/tr><tr class=\"fila_actividad\"><td class=\"cnt_horario\">18:00 - 19:30<\/td><td class=\"cnt_actividad\"><div class=\"tit_acti\">Presentaci\u00f3n y discusi\u00f3n de casos cl\u00ednicos<\/div><div class=\"ponent_acti\"><span>Dr. David Reyes<\/span><span class=\"separador\"><i class=\"fa fa-caret-right\"><\/i><\/span><span class=\"ponent_hosp_acti\">Serv. de Neurolog\u00eda \u2013 Hospital de Navarra, Pamplona<\/span><\/div><div class=\"ponent_acti\"><span>Dra. Ana Vesperinas<\/span><span class=\"separador\"><i class=\"fa fa-caret-right\"><\/i><\/span><span class=\"ponent_hosp_acti\">Serv. de Neurolog\u00eda \u2013 Hospital de Navarra, Pamplona<\/span><\/div><div class=\"ponent_acti\"><span>Dr. Roger Collet<\/span><span class=\"separador\"><i class=\"fa fa-caret-right\"><\/i><\/span><span class=\"ponent_hosp_acti\">Serv. de Neurolog\u00eda \u2013 Hospital de Navarra, Pamplona<\/span><\/div><div class=\"ponent_acti\"><span>Dra. Tania Mederer<\/span><span class=\"separador\"><i class=\"fa fa-caret-right\"><\/i><\/span><span class=\"ponent_hosp_acti\">Serv. de Neurolog\u00eda \u2013 Hospital de Navarra, Pamplona<\/span><\/div><\/td><\/tr><\/tbody><\/table><\/div><div class=\"cnt_dia\"><table class=\"tbl_jornada\"><thead><tr><th colspan=\"2\">Sesi\u00f3n 3 - Viernes 29\/05\/2026<\/th><\/tr><\/thead><tbody><tr class=\"fila_actividad\"><td class=\"cnt_horario\">09:00 - 09:30<\/td><td class=\"cnt_actividad\"><div class=\"tit_acti\">Distrofia FSHD y Distrofias miot\u00f3nicas<\/div><div class=\"ponent_acti\"><span>Dr. Adolfo L\u00f3pez de Munain \/ Dr. Roberto Fern\u00e1ndez Torr\u00f3n<\/span><span class=\"separador\"><i class=\"fa fa-caret-right\"><\/i><\/span><span class=\"ponent_hosp_acti\">Und. de Enfermedades Neuromusculares, Servicio de Neurolog\u00eda - Hospital Universitario Donostia, San Sebasti\u00e1n<\/span><\/div><\/td><\/tr><tr class=\"fila_actividad\"><td class=\"cnt_horario\">09:30 - 10:15<\/td><td class=\"cnt_actividad\"><div class=\"tit_acti\">Distrofias musculares de cinturas<\/div><div class=\"ponent_acti\"><span>Dra. Carmen Paradas<\/span><span class=\"separador\"><i class=\"fa fa-caret-right\"><\/i><\/span><span class=\"ponent_hosp_acti\">Serv. de Neurolog\u00eda \u2013 Hospital Virgen del Roc\u00edo, Sevilla<\/span><\/div><\/td><\/tr><tr class=\"fila_actividad\"><td class=\"cnt_horario\">10:15 - 10:45<\/td><td class=\"cnt_actividad\"><div class=\"tit_acti\">DISTROFIA MUSCULAR DE DUCHENNE Y ATROFIA MUSCULAR ESPINAL: MANEJO Y TRANSICI\u00d3N A LA NEUROLOG\u00cdA DE ADULTOS<\/div><div class=\"ponent_acti\"><span>Dr. Andr\u00e9s Nascimiento \/ Dr. Carlos Ortez<\/span><span class=\"separador\"><i class=\"fa fa-caret-right\"><\/i><\/span><span class=\"ponent_hosp_acti\">Und. de Enfermedades Neuromusculares \u2013 Hospital Sant Joan de Deu<\/span><\/div><\/td><\/tr><tr class=\"fila_actividad\"><td class=\"cnt_horario\">10:45 - 11:00<\/td><td class=\"cnt_actividad\"><div class=\"tit_acti\">Preguntas<\/div><\/td><\/tr><tr class=\"fila_actividad\"><td class=\"cnt_horario\">11:00 - 11:30<\/td><td class=\"cnt_actividad\"><div class=\"tit_acti\">Descanso\/Caf\u00e9<\/div><\/td><\/tr><tr class=\"fila_actividad\"><td class=\"cnt_horario\">11:30 - 12:15<\/td><td class=\"cnt_actividad\"><div class=\"tit_acti\">Enfermedades Metab\u00f3licas y Mitocondriales<\/div><div class=\"ponent_acti\"><span>Dra. Cristina Dom\u00ednguez<\/span><span class=\"separador\"><i class=\"fa fa-caret-right\"><\/i><\/span><span class=\"ponent_hosp_acti\">Serv. de Gen\u00e9tica \u2013 Hospital 12 de Octubre, Madrid<\/span><\/div><\/td><\/tr><tr class=\"fila_actividad\"><td class=\"cnt_horario\">12:15 - 12:45<\/td><td class=\"cnt_actividad\"><div class=\"tit_acti\">Aproximaci\u00f3n terap\u00e9utica en ENM gen\u00e9ticamente determinadas<\/div><div class=\"ponent_acti\"><span>Dr. Jordi D\u00edaz-Manera<\/span><span class=\"separador\"><i class=\"fa fa-caret-right\"><\/i><\/span><span class=\"ponent_hosp_acti\">Newcastle University UK<\/span><\/div><\/td><\/tr><tr class=\"fila_actividad\"><td class=\"cnt_horario\">12:45 - 13:00<\/td><td class=\"cnt_actividad\"><div class=\"tit_acti\">Preguntas<\/div><\/td><\/tr><tr class=\"fila_actividad\"><td class=\"cnt_horario\">13:00 - 14:00<\/td><td class=\"cnt_actividad\"><div class=\"tit_acti\">Comida<\/div><\/td><\/tr>\n\t\t\t\t\t\t\t\t\t\t\t\t<tr class=\"fila_actividad\">\n\t\t\t\t\t\t\t\t\t\t\t\t\t<td class=\"cnt_horario\">14:00 - 17:00<\/td>\n\t\t\t\t\t\t\t\t\t\t\t\t\t<td class=\"cnt_actividad\">\n\t\t\t\t\t\t\t\t\t\t\t\t\t\t<div class=\"tit_acti\">Tres bloques de pr\u00e1cticas<\/div>\n\t\t\t\t\t\t\t\t\t\t\t\t\t\t<div class=\"bloques_practicas\">\n\t\t\t\t\t\t\t\t\t\n\t\t\t\t\t\t\t\t\t\t\t\t\t\t\t<div class=\"bloque_practicas\">\n\t\t\t\t\t\t\t\t\t\t\t\t\t\t\t\t<div class=\"num_grup\">Grupo 1:<\/div>\n\t\t\t\t\t\t\t\t\t\t\t\t\t\t\t\t<div class=\"nom_grup\">Interpretaci\u00f3n de la biopsia muscular<\/div>\n\t\t\t\t\t\t\t\t\t\t\t\t\t\t\t\t<div class=\"coordinadores\">\n\t\t\t\t\t\t\t\t\t\t\t\t\t\t\t\t\t<ul>\n\t\t\t\t\t\t\t\t\t\t\t\t\t\t\t\t\t\t<li class=\"coordina\"><span>Dra. Laura Llans\u00f3<\/span><span class=\"separador\"><i class=\"fa fa-caret-right\"><\/i><\/span><span class=\"ponent_hosp_acti\">Und. de Enfermedades Neuromusculares \u2013 Hospital de la Santa Creu i Sant Pau<\/span><\/li>\n\t\t\t\t\t\t\t\t\t\t\t\t\t\t\t\t\t\t<li class=\"coordina\"><span>Dr. Eduard Gallardo<\/span><span class=\"separador\"><i class=\"fa fa-caret-right\"><\/i><\/span><span class=\"ponent_hosp_acti\">Und. de Enfermedades Neuromusculares \u2013 Institut de Recerca Sant Pau<\/span><\/li>\n\t\t\t\t\t\t\t\t\t\t\t\t\t\t\t\t\t\t<li class=\"coordina\"><span>Dr. Alberto Gallardo<\/span><span class=\"separador\"><i class=\"fa fa-caret-right\"><\/i><\/span><span class=\"ponent_hosp_acti\">Serv. de Anatom\u00eda Patol\u00f3gica \u2013 Hospital de la Santa Creu i Sant Pau<\/span><\/li>\n\t\t\t\t\t\t\t\t\t\t\t\t\t\t\t\t\t<\/ul>\n\t\t\t\t\t\t\t\t\t\t\t\t\t\t\t\t<\/div>\n\t\t\t\t\t\t\t\t\t\t\t\t\t\t\t<\/div>\n\t\t\t\t\t\t\t\t\t\t\t\t\t\t\t<div class=\"bloque_practicas\">\n\t\t\t\t\t\t\t\t\t\t\t\t\t\t\t\t<div class=\"num_grup\">Grupo 2:<\/div>\n\t\t\t\t\t\t\t\t\t\t\t\t\t\t\t\t<div class=\"nom_grup\">Taller de EMG<\/div>\n\t\t\t\t\t\t\t\t\t\t\t\t\t\t\t\t<div class=\"coordinadores\">\n\t\t\t\t\t\t\t\t\t\t\t\t\t\t\t\t\t<ul>\n\t\t\t\t\t\t\t\t\t\t\t\t\t\t\t\t\t\t<li class=\"coordina\"><span>Dra. Janina Turon i Sans<\/span><span class=\"separador\"><i class=\"fa fa-caret-right\"><\/i><\/span><span class=\"ponent_hosp_acti\">Und. de Enfermedades Neuromusculares \u2013 Hospital de la Santa Creu i Sant Pau<\/span><\/li>\n\t\t\t\t\t\t\t\t\t\t\t\t\t\t\t\t\t\t<li class=\"coordina\"><span>Dr. Alvaro Carbayo <\/span><span class=\"separador\"><i class=\"fa fa-caret-right\"><\/i><\/span><span class=\"ponent_hosp_acti\">Und. de Enfermedades Neuromusculares \u2013 Hospital de la Santa Creu i Sant Pau<\/span><\/li>\n\t\t\t\t\t\t\t\t\t\t\t\t\t\t\t\t\t<\/ul>\n\t\t\t\t\t\t\t\t\t\t\t\t\t\t\t\t<\/div>\n\t\t\t\t\t\t\t\t\t\t\t\t\t\t\t<\/div>\n\t\t\t\t\t\t\t\t\t\t\t\t\t\t\t<div class=\"bloque_practicas\" style=\"\">\n\t\t\t\t\t\t\t\t\t\t\t\t\t\t\t\t<div class=\"num_grup\">Grupo 3:<\/div>\n\t\t\t\t\t\t\t\t\t\t\t\t\t\t\t\t<div class=\"coordinadores\">\n\t\t\t\t\t\t\t\t\t\t\t\t\t\t\t\t\t<ul>\n\t\t\t\t\t\t\t\t\t\t\t\t\t\t\t\t\t\t<li class=\"subgrupo_tit\">T\u00e9cnicas de laboratorio aplicadas a ENM<\/li>\n\t\t\t\t\t\t\t\t\t\t\t\t\t\t\t\t\t\t<li class=\"coordina\"><span>Dra. Cinta Lleix\u00e0<\/span><span class=\"separador\"><i class=\"fa fa-caret-right\"><\/i><\/span><span class=\"ponent_hosp_acti\">Und. de Enfermedades Neuromusculares \u2013 Institut de Recerca Sant Pau<\/span><\/li>\n\t\t\t\t\t\t\t\t\t\t\t\t\t\t\t\t\t\t<li class=\"coordina\"><span>Dra. Elba Pascual<\/span><span class=\"separador\"><i class=\"fa fa-caret-right\"><\/i><\/span><span class=\"ponent_hosp_acti\">Und. de Enfermedades Neuromusculares \u2013 Hospital de la Santa Creu i Sant Pau<\/span><\/li>\n\t\t\t\t\t\t\t\t\t\t\t\t\t\t\t\t\t\t<li class=\"coordina\"><span>Dra. Lorena Mart\u00edn<\/span><span class=\"separador\"><i class=\"fa fa-caret-right\"><\/i><\/span><span class=\"ponent_hosp_acti\">Und. de Enfermedades Neuromusculares \u2013 Hospital de la Santa Creu i Sant Pau<\/span><\/li>\n\t\t\t\t\t\t\t\t\t\t\t\t\t\t\t\t\t<\/ul>\n\t\t\t\t\t\t\t\t\t\t\t\t\t\t\t\t\t<ul>\n\t\t\t\t\t\t\t\t\t\t\t\t\t\t\t\t\t\t<li class=\"subgrupo_tit\">Resonancia muscular<\/li>\n\t\t\t\t\t\t\t\t\t\t\t\t\t\t\t\t\t\t<li class=\"coordina\"><span>Dr. Roberto Fern\u00e1ndez Torr\u00f3n<\/span><span class=\"separador\"><i class=\"fa fa-caret-right\"><\/i><\/span><span class=\"ponent_hosp_acti\">Hospital Universitario de Donostia<\/span><\/li>\n\t\t\t\t\t\t\t\t\t\t\t\t\t\t\t\t\t<\/ul>\n\t\t\t\t\t\t\t\t\t\t\t\t\t\t\t\t\t<ul>\n\t\t\t\t\t\t\t\t\t\t\t\t\t\t\t\t\t\t<li class=\"subgrupo_tit\">Registros de ENM<\/li>\n\t\t\t\t\t\t\t\t\t\t\t\t\t\t\t\t\t\t<li class=\"coordina\"><span>Dra. Elena Cort\u00e9s<\/span><span class=\"separador\"><i class=\"fa fa-caret-right\"><\/i><\/span><span class=\"ponent_hosp_acti\">Und. de Enfermedades Neuromusculares \u2013 Hospital de la Santa Creu i Sant Pau<\/span><\/li>\n\t\t\t\t\t\t\t\t\t\t\t\t\t\t\t\t\t<\/ul>\n\t\t\t\t\t\t\t\t\t\t\t\t\t\t\t\t<\/div>\n\t\t\t\t\t\t\t\t\t\t\t\t\t\t\t<\/div>\n\t\t\t\t\t\t\t\t\t\t\t\t\t\t<\/div>\n\t\t\t\t\t\t\t\t\t\t\t\t\t<\/td>\n\t\t\t\t\t\t\t\t\t\t\t\t<\/tr>\n\t<tr class=\"fila_actividad\"><td class=\"cnt_horario\">17:00 - 17:45<\/td><td class=\"cnt_actividad\"><div class=\"tit_acti\">Caf\u00e9 y Despedida<\/div><div class=\"tit_acti\">Examen <u>ONLINE<\/u> de conocimientos adquiridos Y ENCUESTA DE SATISFACCI\u00d3N<\/div><\/td><\/tr><\/tbody><\/table><\/div><\/div><\/div>\n\t\t<style>\n\n\n\t\t<\/style>\n\t<\/div><div class=\"tab-pane fade fusion-clearfix\" role=\"tabpanel\" tabindex=\"0\" aria-labelledby=\"fusion-tab-pl\u00c0nols\" id=\"tab-cb8baae58ff7b0e9105\">\n<h6>PL\u00c0NOLS<\/h6>\n<div id=\"supercnt_plano_cursonmsp\"><div class=\"bloque_plano\"><div class=\"tit_info_bloque\"><h6>Sedes del curso:<\/h6><\/div><div class=\"cnt_info_bloque\"><div class=\"txt_info_bloque\"><strong>El programa se realizar\u00e1 en el Hospital de Sant Pau<\/strong><\/div><div class=\"txt_info_bloque\">C\/ Mas Casanovas n\u00ba 90<\/div><div class=\"txt_enlace_maps\"><a href=\"https:\/\/goo.gl\/maps\/19tznXetWA6iM9XC9\" target=\"_blank\">https:\/\/goo.gl\/maps\/19tznXetWA6iM9XC9<\/a><\/div><div class=\"cnt_iframe_maps\"><iframe src=\"https:\/\/www.google.com\/maps\/embed?pb=!1m14!1m8!1m3!1d3096.4859360415176!2d2.1723775155842038!3d41.41440964903551!3m2!1i1024!2i768!4f13.1!3m3!1m2!1s0x12a4a2ce36e71f89%3A0x15c0ef89c5d1e835!2sUnidad%20Docente%20Sant%20Pau%20-%20UAB!5e0!3m2!1ses!2ses!4v1745661135325!5m2!1ses!2ses\" width=\"100%\" height=\"450\" style=\"border:0;\" allowfullscreen=\"\" loading=\"lazy\" referrerpolicy=\"no-referrer-when-downgrade\"><\/iframe><\/div><div class=\"cnt_img_plano\"><img decoding=\"async\" src=\"https:\/\/www.neuromuscularbcn.org\/wp-content\/themes\/NMSP_v3\/imgs\/sedes-xcurso-a-892x1200.jpg?6236\" \/><\/div><\/div><\/div><div class=\"bloque_plano\"><div class=\"tit_info_bloque\"><h6>Hoteles:<\/h6><\/div><div class=\"cnt_info_bloque\"><div class=\"txt_info_bloque\"><strong>Hotel Ponentes: Hotel ILUNION BEL ART<\/strong><\/div><div class=\"txt_info_bloque\">C\/ de Lepant, 406, 08025 Barcelona \u2013 Tel. 934 33 54 40<\/div><div class=\"txt_enlace_maps\"><a href=\"https:\/\/maps.app.goo.gl\/8DQMFtBnrcNwa8a39\" target=\"_blank\">https:\/\/maps.app.goo.gl\/8DQMFtBnrcNwa8a39<\/a><\/div><div class=\"cnt_iframe_maps\"><iframe src=\"https:\/\/www.google.com\/maps\/embed?pb=!1m14!1m8!1m3!1d2992.33880852642!2d2.1669573!3d41.4101634!3m2!1i1024!2i768!4f13.1!3m3!1m2!1s0x12a4a2c608a4e0f9%3A0x749e63d87bd3becf!2sHotel%20ILUNION%20Bel%20Art!5e0!3m2!1ses!2ses!4v1745661544759!5m2!1ses!2ses\" width=\"100%\" height=\"450\" style=\"border:0;\" allowfullscreen=\"\" loading=\"lazy\" referrerpolicy=\"no-referrer-when-downgrade\"><\/iframe><\/div><\/div><div class=\"cnt_info_bloque\"><div class=\"txt_info_bloque\"><strong>Hotel Alumnos: HOTEL SANT PAU<\/strong><\/div><div class=\"txt_info_bloque\">C\/ de Sant Antoni Maria Claret, 173, 08041 Barcelona \u2013 Tel. 934 33 51 51<\/div><div class=\"txt_enlace_maps\"><a href=\"https:\/\/maps.app.goo.gl\/P35xkKS3CmEXwqGu5\" target=\"_blank\">https:\/\/maps.app.goo.gl\/P35xkKS3CmEXwqGu5<\/a><\/div><div class=\"cnt_iframe_maps\"><iframe src=\"https:\/\/www.google.com\/maps\/embed?pb=!1m14!1m8!1m3!1d2992.154091285219!2d2.1748857!3d41.4141736!3m2!1i1024!2i768!4f13.1!3m3!1m2!1s0x12a4a2d11062fa79%3A0xa665e46931280d16!2sHotel%20Sant%20Pau!5e0!3m2!1ses!2ses!4v1745661641335!5m2!1ses!2ses\" width=\"100%\" height=\"450\" style=\"border:0;\" allowfullscreen=\"\" loading=\"lazy\" referrerpolicy=\"no-referrer-when-downgrade\"><\/iframe><\/div><\/div><\/div><div class=\"bloque_plano\"><div class=\"tit_info_bloque\"><h6>Cena oficial - 28 de mayo (21:00h):<\/h6><\/div><div class=\"cnt_info_bloque\"><div class=\"txt_info_bloque\"><strong>Restaurante Firo Tast<\/strong><\/div><div class=\"txt_info_bloque\">Av. de Gaud\u00ed, 83, L\u2019Eixample, 08025 Barcelona \u2013 Tel. 934 50 74 54<\/div><div class=\"txt_enlace_maps\"><a href=\"https:\/\/maps.app.goo.gl\/bqqoW9r2AgtQ6f447\" target=\"_blank\">https:\/\/maps.app.goo.gl\/bqqoW9r2AgtQ6f447<\/a><\/div><div class=\"cnt_iframe_maps\"><iframe src=\"https:\/\/www.google.com\/maps\/embed?pb=!1m18!1m12!1m3!1d5984.640861007834!2d2.1741296000000006!3d41.410562399999996!2m3!1f0!2f0!3f0!3m2!1i1024!2i768!4f13.1!3m3!1m2!1s0x12a4a2c5569cf067%3A0xd22b88661ccf7df3!2sFiro%20Tast%20Restaurant!5e0!3m2!1ses!2ses!4v1745661721138!5m2!1ses!2ses\" width=\"100%\" height=\"450\" style=\"border:0;\" allowfullscreen=\"\" loading=\"lazy\" referrerpolicy=\"no-referrer-when-downgrade\"><\/iframe><\/div><\/div><\/div><\/div>\n<div id=\"gtx-trans\" style=\"position: absolute; left: 34px; top: -1.03125px;\">\n<div class=\"gtx-trans-icon\"><\/div>\n<\/div>\n<\/div><div class=\"tab-pane fade fusion-clearfix\" role=\"tabpanel\" tabindex=\"0\" aria-labelledby=\"fusion-tab-patrocinadors\" id=\"tab-d18adac10312d5d55a5\"><img decoding=\"async\" class=\"alignnone size-full wp-image-3241\" style=\"display: none;\" src=\"https:\/\/www.neuromuscularbcn.org\/wp-content\/uploads\/2025\/06\/patrocinios.jpg\" alt=\"\" width=\"1280\" height=\"1422\" srcset=\"https:\/\/www.neuromuscularbcn.org\/wp-content\/uploads\/2025\/06\/patrocinios-200x222.jpg 200w, https:\/\/www.neuromuscularbcn.org\/wp-content\/uploads\/2025\/06\/patrocinios-270x300.jpg 270w, https:\/\/www.neuromuscularbcn.org\/wp-content\/uploads\/2025\/06\/patrocinios-400x444.jpg 400w, https:\/\/www.neuromuscularbcn.org\/wp-content\/uploads\/2025\/06\/patrocinios-600x667.jpg 600w, https:\/\/www.neuromuscularbcn.org\/wp-content\/uploads\/2025\/06\/patrocinios-768x853.jpg 768w, https:\/\/www.neuromuscularbcn.org\/wp-content\/uploads\/2025\/06\/patrocinios-800x889.jpg 800w, https:\/\/www.neuromuscularbcn.org\/wp-content\/uploads\/2025\/06\/patrocinios-922x1024.jpg 922w, https:\/\/www.neuromuscularbcn.org\/wp-content\/uploads\/2025\/06\/patrocinios-1200x1333.jpg 1200w, https:\/\/www.neuromuscularbcn.org\/wp-content\/uploads\/2025\/06\/patrocinios.jpg 1280w\" sizes=\"(max-width: 1280px) 100vw, 1280px\" \/><\/div><\/div><\/div><\/div><\/div><\/div><\/div>\n","protected":false},"excerpt":{"rendered":"","protected":false},"author":1,"featured_media":0,"parent":399,"menu_order":0,"comment_status":"closed","ping_status":"closed","template":"100-width.php","meta":{"_acf_changed":false,"inline_featured_image":false,"footnotes":""},"class_list":["post-403","page","type-page","status-publish","hentry"],"acf":[],"yoast_head":"<!-- This site is optimized with the Yoast SEO plugin v27.2 - https:\/\/yoast.com\/product\/yoast-seo-wordpress\/ -->\n<title>Formaci\u00f3 de Malalties Neuromusculars - Neuromuscular BCN<\/title>\n<meta name=\"robots\" content=\"index, follow, max-snippet:-1, max-image-preview:large, max-video-preview:-1\" \/>\n<link rel=\"canonical\" href=\"https:\/\/www.neuromuscularbcn.org\/ca\/docencia\/formacio-de-malalties-neuromusculars\/\" \/>\n<meta property=\"og:locale\" content=\"ca_ES\" \/>\n<meta property=\"og:type\" content=\"article\" \/>\n<meta property=\"og:title\" content=\"Formaci\u00f3 de Malalties Neuromusculars - Neuromuscular BCN\" \/>\n<meta property=\"og:url\" content=\"https:\/\/www.neuromuscularbcn.org\/ca\/docencia\/formacio-de-malalties-neuromusculars\/\" \/>\n<meta property=\"og:site_name\" content=\"Neuromuscular BCN\" \/>\n<meta property=\"article:modified_time\" content=\"2026-02-05T10:17:40+00:00\" \/>\n<meta property=\"og:image\" content=\"https:\/\/www.neuromuscularbcn.org\/wp-content\/uploads\/2025\/06\/patrocinios.jpg\" \/>\n<meta name=\"twitter:card\" content=\"summary_large_image\" \/>\n<meta name=\"twitter:site\" content=\"@NMDSantPau\" \/>\n<meta name=\"twitter:label1\" content=\"Temps estimat de lectura\" \/>\n\t<meta name=\"twitter:data1\" content=\"9 minuts\" \/>\n<script type=\"application\/ld+json\" class=\"yoast-schema-graph\">{\"@context\":\"https:\/\/schema.org\",\"@graph\":[{\"@type\":\"WebPage\",\"@id\":\"https:\/\/www.neuromuscularbcn.org\/ca\/docencia\/formacio-de-malalties-neuromusculars\/\",\"url\":\"https:\/\/www.neuromuscularbcn.org\/ca\/docencia\/formacio-de-malalties-neuromusculars\/\",\"name\":\"Formaci\u00f3 de Malalties Neuromusculars - Neuromuscular BCN\",\"isPartOf\":{\"@id\":\"https:\/\/www.neuromuscularbcn.org\/ca\/#website\"},\"primaryImageOfPage\":{\"@id\":\"https:\/\/www.neuromuscularbcn.org\/ca\/docencia\/formacio-de-malalties-neuromusculars\/#primaryimage\"},\"image\":{\"@id\":\"https:\/\/www.neuromuscularbcn.org\/ca\/docencia\/formacio-de-malalties-neuromusculars\/#primaryimage\"},\"thumbnailUrl\":\"https:\/\/www.neuromuscularbcn.org\/wp-content\/uploads\/2025\/06\/patrocinios.jpg\",\"datePublished\":\"2025-03-27T05:26:27+00:00\",\"dateModified\":\"2026-02-05T10:17:40+00:00\",\"breadcrumb\":{\"@id\":\"https:\/\/www.neuromuscularbcn.org\/ca\/docencia\/formacio-de-malalties-neuromusculars\/#breadcrumb\"},\"inLanguage\":\"ca\",\"potentialAction\":[{\"@type\":\"ReadAction\",\"target\":[\"https:\/\/www.neuromuscularbcn.org\/ca\/docencia\/formacio-de-malalties-neuromusculars\/\"]}]},{\"@type\":\"ImageObject\",\"inLanguage\":\"ca\",\"@id\":\"https:\/\/www.neuromuscularbcn.org\/ca\/docencia\/formacio-de-malalties-neuromusculars\/#primaryimage\",\"url\":\"https:\/\/www.neuromuscularbcn.org\/wp-content\/uploads\/2025\/06\/patrocinios.jpg\",\"contentUrl\":\"https:\/\/www.neuromuscularbcn.org\/wp-content\/uploads\/2025\/06\/patrocinios.jpg\"},{\"@type\":\"BreadcrumbList\",\"@id\":\"https:\/\/www.neuromuscularbcn.org\/ca\/docencia\/formacio-de-malalties-neuromusculars\/#breadcrumb\",\"itemListElement\":[{\"@type\":\"ListItem\",\"position\":1,\"name\":\"Portada\",\"item\":\"https:\/\/www.neuromuscularbcn.org\/ca\/\"},{\"@type\":\"ListItem\",\"position\":2,\"name\":\"Formaci\u00f3 de Malalties Neuromusculars\"}]},{\"@type\":\"WebSite\",\"@id\":\"https:\/\/www.neuromuscularbcn.org\/ca\/#website\",\"url\":\"https:\/\/www.neuromuscularbcn.org\/ca\/\",\"name\":\"Neuromuscular BCN\",\"description\":\"Neuromuscular BCN - Unidad Neuromuscular del hospital de Sant Pau\",\"publisher\":{\"@id\":\"https:\/\/www.neuromuscularbcn.org\/ca\/#organization\"},\"alternateName\":\"Neuromuscular BCN - Unidad Neuromuscular del hospital de Sant Pau\",\"potentialAction\":[{\"@type\":\"SearchAction\",\"target\":{\"@type\":\"EntryPoint\",\"urlTemplate\":\"https:\/\/www.neuromuscularbcn.org\/ca\/?s={search_term_string}\"},\"query-input\":{\"@type\":\"PropertyValueSpecification\",\"valueRequired\":true,\"valueName\":\"search_term_string\"}}],\"inLanguage\":\"ca\"},{\"@type\":\"Organization\",\"@id\":\"https:\/\/www.neuromuscularbcn.org\/ca\/#organization\",\"name\":\"Neuromuscular BCN - Sant Pau\",\"url\":\"https:\/\/www.neuromuscularbcn.org\/ca\/\",\"logo\":{\"@type\":\"ImageObject\",\"inLanguage\":\"ca\",\"@id\":\"https:\/\/www.neuromuscularbcn.org\/ca\/#\/schema\/logo\/image\/\",\"url\":\"https:\/\/www.neuromuscularbcn.org\/wp-content\/uploads\/2025\/06\/cropped-favicon_logotip.png\",\"contentUrl\":\"https:\/\/www.neuromuscularbcn.org\/wp-content\/uploads\/2025\/06\/cropped-favicon_logotip.png\",\"width\":512,\"height\":512,\"caption\":\"Neuromuscular BCN - Sant Pau\"},\"image\":{\"@id\":\"https:\/\/www.neuromuscularbcn.org\/ca\/#\/schema\/logo\/image\/\"},\"sameAs\":[\"https:\/\/x.com\/NMDSantPau\"]}]}<\/script>\n<!-- \/ Yoast SEO plugin. -->","yoast_head_json":{"title":"Formaci\u00f3 de Malalties Neuromusculars - Neuromuscular BCN","robots":{"index":"index","follow":"follow","max-snippet":"max-snippet:-1","max-image-preview":"max-image-preview:large","max-video-preview":"max-video-preview:-1"},"canonical":"https:\/\/www.neuromuscularbcn.org\/ca\/docencia\/formacio-de-malalties-neuromusculars\/","og_locale":"ca_ES","og_type":"article","og_title":"Formaci\u00f3 de Malalties Neuromusculars - Neuromuscular BCN","og_url":"https:\/\/www.neuromuscularbcn.org\/ca\/docencia\/formacio-de-malalties-neuromusculars\/","og_site_name":"Neuromuscular BCN","article_modified_time":"2026-02-05T10:17:40+00:00","og_image":[{"url":"https:\/\/www.neuromuscularbcn.org\/wp-content\/uploads\/2025\/06\/patrocinios.jpg","type":"","width":"","height":""}],"twitter_card":"summary_large_image","twitter_site":"@NMDSantPau","twitter_misc":{"Temps estimat de lectura":"9 minuts"},"schema":{"@context":"https:\/\/schema.org","@graph":[{"@type":"WebPage","@id":"https:\/\/www.neuromuscularbcn.org\/ca\/docencia\/formacio-de-malalties-neuromusculars\/","url":"https:\/\/www.neuromuscularbcn.org\/ca\/docencia\/formacio-de-malalties-neuromusculars\/","name":"Formaci\u00f3 de Malalties Neuromusculars - Neuromuscular BCN","isPartOf":{"@id":"https:\/\/www.neuromuscularbcn.org\/ca\/#website"},"primaryImageOfPage":{"@id":"https:\/\/www.neuromuscularbcn.org\/ca\/docencia\/formacio-de-malalties-neuromusculars\/#primaryimage"},"image":{"@id":"https:\/\/www.neuromuscularbcn.org\/ca\/docencia\/formacio-de-malalties-neuromusculars\/#primaryimage"},"thumbnailUrl":"https:\/\/www.neuromuscularbcn.org\/wp-content\/uploads\/2025\/06\/patrocinios.jpg","datePublished":"2025-03-27T05:26:27+00:00","dateModified":"2026-02-05T10:17:40+00:00","breadcrumb":{"@id":"https:\/\/www.neuromuscularbcn.org\/ca\/docencia\/formacio-de-malalties-neuromusculars\/#breadcrumb"},"inLanguage":"ca","potentialAction":[{"@type":"ReadAction","target":["https:\/\/www.neuromuscularbcn.org\/ca\/docencia\/formacio-de-malalties-neuromusculars\/"]}]},{"@type":"ImageObject","inLanguage":"ca","@id":"https:\/\/www.neuromuscularbcn.org\/ca\/docencia\/formacio-de-malalties-neuromusculars\/#primaryimage","url":"https:\/\/www.neuromuscularbcn.org\/wp-content\/uploads\/2025\/06\/patrocinios.jpg","contentUrl":"https:\/\/www.neuromuscularbcn.org\/wp-content\/uploads\/2025\/06\/patrocinios.jpg"},{"@type":"BreadcrumbList","@id":"https:\/\/www.neuromuscularbcn.org\/ca\/docencia\/formacio-de-malalties-neuromusculars\/#breadcrumb","itemListElement":[{"@type":"ListItem","position":1,"name":"Portada","item":"https:\/\/www.neuromuscularbcn.org\/ca\/"},{"@type":"ListItem","position":2,"name":"Formaci\u00f3 de Malalties Neuromusculars"}]},{"@type":"WebSite","@id":"https:\/\/www.neuromuscularbcn.org\/ca\/#website","url":"https:\/\/www.neuromuscularbcn.org\/ca\/","name":"Neuromuscular BCN","description":"Neuromuscular BCN - Unidad Neuromuscular del hospital de Sant Pau","publisher":{"@id":"https:\/\/www.neuromuscularbcn.org\/ca\/#organization"},"alternateName":"Neuromuscular BCN - Unidad Neuromuscular del hospital de Sant Pau","potentialAction":[{"@type":"SearchAction","target":{"@type":"EntryPoint","urlTemplate":"https:\/\/www.neuromuscularbcn.org\/ca\/?s={search_term_string}"},"query-input":{"@type":"PropertyValueSpecification","valueRequired":true,"valueName":"search_term_string"}}],"inLanguage":"ca"},{"@type":"Organization","@id":"https:\/\/www.neuromuscularbcn.org\/ca\/#organization","name":"Neuromuscular BCN - Sant Pau","url":"https:\/\/www.neuromuscularbcn.org\/ca\/","logo":{"@type":"ImageObject","inLanguage":"ca","@id":"https:\/\/www.neuromuscularbcn.org\/ca\/#\/schema\/logo\/image\/","url":"https:\/\/www.neuromuscularbcn.org\/wp-content\/uploads\/2025\/06\/cropped-favicon_logotip.png","contentUrl":"https:\/\/www.neuromuscularbcn.org\/wp-content\/uploads\/2025\/06\/cropped-favicon_logotip.png","width":512,"height":512,"caption":"Neuromuscular BCN - Sant Pau"},"image":{"@id":"https:\/\/www.neuromuscularbcn.org\/ca\/#\/schema\/logo\/image\/"},"sameAs":["https:\/\/x.com\/NMDSantPau"]}]}},"_links":{"self":[{"href":"https:\/\/www.neuromuscularbcn.org\/ca\/wp-json\/wp\/v2\/pages\/403","targetHints":{"allow":["GET"]}}],"collection":[{"href":"https:\/\/www.neuromuscularbcn.org\/ca\/wp-json\/wp\/v2\/pages"}],"about":[{"href":"https:\/\/www.neuromuscularbcn.org\/ca\/wp-json\/wp\/v2\/types\/page"}],"author":[{"embeddable":true,"href":"https:\/\/www.neuromuscularbcn.org\/ca\/wp-json\/wp\/v2\/users\/1"}],"replies":[{"embeddable":true,"href":"https:\/\/www.neuromuscularbcn.org\/ca\/wp-json\/wp\/v2\/comments?post=403"}],"version-history":[{"count":10,"href":"https:\/\/www.neuromuscularbcn.org\/ca\/wp-json\/wp\/v2\/pages\/403\/revisions"}],"predecessor-version":[{"id":18306,"href":"https:\/\/www.neuromuscularbcn.org\/ca\/wp-json\/wp\/v2\/pages\/403\/revisions\/18306"}],"up":[{"embeddable":true,"href":"https:\/\/www.neuromuscularbcn.org\/ca\/wp-json\/wp\/v2\/pages\/399"}],"wp:attachment":[{"href":"https:\/\/www.neuromuscularbcn.org\/ca\/wp-json\/wp\/v2\/media?parent=403"}],"curies":[{"name":"wp","href":"https:\/\/api.w.org\/{rel}","templated":true}]}}