{"id":267,"date":"2025-03-26T12:53:22","date_gmt":"2025-03-26T11:53:22","guid":{"rendered":"https:\/\/www.neuromuscularbcn.org\/?page_id=267"},"modified":"2025-06-13T05:17:36","modified_gmt":"2025-06-13T03:17:36","slug":"qui-som","status":"publish","type":"page","link":"https:\/\/www.neuromuscularbcn.org\/ca\/qui-som\/","title":{"rendered":"Qui Som"},"content":{"rendered":"<p><div class=\"fusion-fullwidth fullwidth-box fusion-builder-row-1 fusion-flex-container has-pattern-background has-mask-background nonhundred-percent-fullwidth non-hundred-percent-height-scrolling\" style=\"--awb-border-radius-top-left:0px;--awb-border-radius-top-right:0px;--awb-border-radius-bottom-right:0px;--awb-border-radius-bottom-left:0px;--awb-flex-wrap:wrap;\" ><div class=\"fusion-builder-row fusion-row fusion-flex-align-items-flex-start fusion-flex-content-wrap\" style=\"max-width:1422.72px;margin-left: calc(-4% \/ 2 );margin-right: calc(-4% \/ 2 );\"><div class=\"fusion-layout-column fusion_builder_column fusion-builder-column-0 fusion_builder_column_1_1 1_1 fusion-flex-column\" style=\"--awb-bg-size:cover;--awb-width-large:100%;--awb-margin-top-large:0px;--awb-spacing-right-large:1.92%;--awb-margin-bottom-large:0px;--awb-spacing-left-large:1.92%;--awb-width-medium:100%;--awb-order-medium:0;--awb-spacing-right-medium:1.92%;--awb-spacing-left-medium:1.92%;--awb-width-small:100%;--awb-order-small:0;--awb-spacing-right-small:1.92%;--awb-spacing-left-small:1.92%;\"><div class=\"fusion-column-wrapper fusion-column-has-shadow fusion-flex-justify-content-flex-start fusion-content-layout-column\"><div class=\"fusion-image-element \" style=\"--awb-caption-title-font-family:var(--h2_typography-font-family);--awb-caption-title-font-weight:var(--h2_typography-font-weight);--awb-caption-title-font-style:var(--h2_typography-font-style);--awb-caption-title-size:var(--h2_typography-font-size);--awb-caption-title-transform:var(--h2_typography-text-transform);--awb-caption-title-line-height:var(--h2_typography-line-height);--awb-caption-title-letter-spacing:var(--h2_typography-letter-spacing);\"><span class=\" fusion-imageframe imageframe-none imageframe-1 hover-type-none\" id=\"cnt_Quienes_Img_Unidad\"><img decoding=\"async\" width=\"2560\" height=\"1506\" title=\"6047-re-scaled\" src=\"https:\/\/www.neuromuscularbcn.org\/wp-content\/uploads\/2025\/06\/6047-re-scaled-1.jpg\" alt class=\"img-responsive wp-image-3289\" srcset=\"https:\/\/www.neuromuscularbcn.org\/wp-content\/uploads\/2025\/06\/6047-re-scaled-1-200x118.jpg 200w, https:\/\/www.neuromuscularbcn.org\/wp-content\/uploads\/2025\/06\/6047-re-scaled-1-400x235.jpg 400w, https:\/\/www.neuromuscularbcn.org\/wp-content\/uploads\/2025\/06\/6047-re-scaled-1-600x353.jpg 600w, https:\/\/www.neuromuscularbcn.org\/wp-content\/uploads\/2025\/06\/6047-re-scaled-1-800x471.jpg 800w, https:\/\/www.neuromuscularbcn.org\/wp-content\/uploads\/2025\/06\/6047-re-scaled-1-1200x706.jpg 1200w, https:\/\/www.neuromuscularbcn.org\/wp-content\/uploads\/2025\/06\/6047-re-scaled-1.jpg 2560w\" sizes=\"(max-width: 768px) 100vw, 2560px\" \/><\/span><\/div><div class=\"fusion-title title fusion-title-1 fusion-sep-none fusion-title-center fusion-title-text fusion-title-size-two\" style=\"--awb-text-color:var(--awb-color5);--awb-margin-top:1em;--awb-margin-top-small:10px;--awb-margin-right-small:0px;--awb-margin-bottom-small:10px;--awb-margin-left-small:0px;--awb-font-size:1.8em;\"><h2 class=\"fusion-title-heading title-heading-center\" style=\"margin:0;font-size:1em;\"><p>Unitat de Malalties Neuromusculars de l\u00b4Hospital de la Santa Creu i Sant Pau<\/p>\n<div id=\"gtx-trans\" style=\"position: absolute; left: -518px; top: 14px;\">\n<div class=\"gtx-trans-icon\"><\/div>\n<\/div><\/h2><\/div><div class=\"fusion-text fusion-text-1\"><p>La Unitat de Malalties Neuromusculars de l&#8217;Hospital de Santa Creu i Sant Pau \u00e9s una unitat multidisciplin\u00e0ria amb \u00e0mplia experi\u00e8ncia en el diagn\u00f2stic, tractament i investigaci\u00f3 en malalties neuromusculars de tota mena. Es tracta d&#8217;un equip on l&#8217;activitat cl\u00ednica i la investigadora, tant cl\u00ednica com b\u00e0sica, estan perfectament solapades i interrelacionades i on la resoluci\u00f3 de problemes cl\u00ednics implica els treballadors del laboratori i on el plantejament de la investigaci\u00f3 b\u00e0sica es fa des de la utilitat cl\u00ednica.<\/p>\n<p>La Unitat est\u00e0 formada, per tant, per Neur\u00f2legs experts en malalties neuromusculars i amb una \u00e0mplia experi\u00e8ncia en electromiografia, aix\u00ed com formaci\u00f3 i inter\u00e8s en recerca b\u00e0sica; per investigadors b\u00e0sics amb inter\u00e8s i experi\u00e8ncia en projectes de recerca translacional; per infermeres expertes en coordinaci\u00f3 de projectes, estudis cl\u00ednics i bases de dades; i per t\u00e8cnics de laboratori experts en investigaci\u00f3 b\u00e0sica i translacional i en l&#8217;organitzaci\u00f3 i la gesti\u00f3 de bancs de mostres.<\/p>\n<p style=\"text-align: center;\"><strong><a href=\"http:\/\/www.recercasantpau.cat\/grup\/malalties-neuromusculars\/\" target=\"_blank\" rel=\"noopener\">http:\/\/www.recercasantpau.cat\/grup\/malalties-neuromusculars\/<\/a><\/strong><\/p>\n<\/div><\/div><\/div><\/div><\/div><div class=\"fusion-fullwidth fullwidth-box fusion-builder-row-2 fusion-flex-container has-pattern-background has-mask-background nonhundred-percent-fullwidth non-hundred-percent-height-scrolling cnt_pagina\" style=\"--awb-border-radius-top-left:0px;--awb-border-radius-top-right:0px;--awb-border-radius-bottom-right:0px;--awb-border-radius-bottom-left:0px;--awb-flex-wrap:wrap;\" id=\"cnt_Quienes_Miembros\" ><div class=\"fusion-builder-row fusion-row fusion-flex-align-items-flex-start fusion-flex-content-wrap\" style=\"max-width:1422.72px;margin-left: calc(-4% \/ 2 );margin-right: calc(-4% \/ 2 );\"><div class=\"fusion-layout-column fusion_builder_column fusion-builder-column-1 fusion_builder_column_1_1 1_1 fusion-flex-column\" style=\"--awb-bg-size:cover;--awb-width-large:100%;--awb-margin-top-large:0px;--awb-spacing-right-large:1.92%;--awb-margin-bottom-large:0px;--awb-spacing-left-large:1.92%;--awb-width-medium:100%;--awb-order-medium:0;--awb-spacing-right-medium:1.92%;--awb-spacing-left-medium:1.92%;--awb-width-small:100%;--awb-order-small:0;--awb-spacing-right-small:1.92%;--awb-spacing-left-small:1.92%;\" id=\"cnt_Quienes_Miembros_col\" data-scroll-devices=\"small-visibility,medium-visibility,large-visibility\"><div class=\"fusion-column-wrapper fusion-column-has-shadow fusion-flex-justify-content-flex-start fusion-content-layout-column\"><div class=\"fusion-text fusion-text-2\" id=\"cnt_Quienes_Miembros_short\"><div id=\"cnt_quienesSomos\"><div id=\"cnt_quienesSomos_fila_direccion\"><div id=\"cnt_quienesSomos_direccion\"><div class=\"cnt_quienesSomos_fila_equipo_tit direccion_tit\"><h3>Directora d'Unitat::<\/h3><\/div><div class=\"subcnt_direccion\"><a href=\"https:\/\/www.neuromuscularbcn.org\/ca\/quienes_somos\/montse-olive-plana\/\" class=\"enl_cnt_miembro\"><div class=\"cnt_miembro\"><div class=\"cnt_quien_img\" style=\"background-image:url(https:\/\/www.neuromuscularbcn.org\/wp-content\/uploads\/2025\/03\/molive-rec-5-235x300.jpg)\"><\/div><div class=\"cnt_quien_txts\"><div class=\"quien_txts\"><div class=\"cnt_quien_nom\">Montse Oliv\u00e9 Plana<\/div><div class=\"cnt_quien_ocupacion larga\">Directora de la Unitat de Malalties Neuromusculars (EN) el Servei Neurologia de l'Hospital Santa Creu i Sant Pau (HSCSP) de Barcelona<\/div><div class=\"cnt_quien_ocupacion corta\">Directora de la Unitat de Malalties Neuromusculars<\/div><\/div><\/div><\/div><\/a><\/div><\/div><\/div><div class=\"cnt_quienesSomos_fila_equipos\"><div class=\"cnt_quienesSomos_fila_equipo equipo_clinico activo\"><div class=\"cnt_quienesSomos_fila_equipo_tit\"><h3>Equip Cl\u00ednic:<\/h3><\/div><div id=\"subcnt_subequipo_208\" class=\"subcnt_subequipo\"><a href=\"https:\/\/www.neuromuscularbcn.org\/ca\/quienes_somos\/ricard-rojas-garcia\/\" class=\"enl_cnt_miembro\"><div class=\"cnt_miembro\"><div class=\"cnt_quien_img\" style=\"background-image:url(https:\/\/www.neuromuscularbcn.org\/wp-content\/uploads\/2025\/03\/12_Ricard-Rojas-4.jpg)\"><\/div><div class=\"cnt_quien_txts\"><div class=\"quien_txts\"><div class=\"cnt_quien_nom\">Ricard Rojas Garc\u00eda<\/div><div class=\"cnt_quien_ocupacion larga\">MD PhD \u2013 Neur\u00f2leg Adjunt<\/div><div class=\"cnt_quien_ocupacion corta\">Neur\u00f2leg<\/div><\/div><\/div><\/div><\/a><a href=\"https:\/\/www.neuromuscularbcn.org\/ca\/quienes_somos\/luis-querol-gutierrez\/\" class=\"enl_cnt_miembro\"><div class=\"cnt_miembro\"><div class=\"cnt_quien_img\" style=\"background-image:url(https:\/\/www.neuromuscularbcn.org\/wp-content\/uploads\/2025\/03\/luis-querol-rec-scaled-5-227x300.jpg)\"><\/div><div class=\"cnt_quien_txts\"><div class=\"quien_txts\"><div class=\"cnt_quien_nom\">Luis Querol Guti\u00e9rrez<\/div><div class=\"cnt_quien_ocupacion larga\">MD PhD \u2013 Neur\u00f2leg Adjunt<\/div><div class=\"cnt_quien_ocupacion corta\">Neur\u00f2leg<\/div><\/div><\/div><\/div><\/a><a href=\"https:\/\/www.neuromuscularbcn.org\/ca\/quienes_somos\/janina-turon-i-sans\/\" class=\"enl_cnt_miembro\"><div class=\"cnt_miembro\"><div class=\"cnt_quien_img\" style=\"background-image:url(https:\/\/www.neuromuscularbcn.org\/wp-content\/uploads\/2025\/03\/16_janina-turon-foto-5-231x300.jpg)\"><\/div><div class=\"cnt_quien_txts\"><div class=\"quien_txts\"><div class=\"cnt_quien_nom\">Janina Turon i Sans<\/div><div class=\"cnt_quien_ocupacion larga\">Neurofisi\u00f3loga adjunta<\/div><div class=\"cnt_quien_ocupacion corta\">Neurofisi\u00f3loga adjunta<\/div><\/div><\/div><\/div><\/a><a href=\"https:\/\/www.neuromuscularbcn.org\/ca\/quienes_somos\/elena-cortes-vicente\/\" class=\"enl_cnt_miembro\"><div class=\"cnt_miembro\"><div class=\"cnt_quien_img\" style=\"background-image:url(https:\/\/www.neuromuscularbcn.org\/wp-content\/uploads\/2025\/03\/fotoecv-rec-5-201x300.jpg)\"><\/div><div class=\"cnt_quien_txts\"><div class=\"quien_txts\"><div class=\"cnt_quien_nom\">Elena Cort\u00e9s Vicente<\/div><div class=\"cnt_quien_ocupacion larga\">MD PhD \u2013 Neur\u00f2loga Adjunta<\/div><div class=\"cnt_quien_ocupacion corta\">Neur\u00f2loga<\/div><\/div><\/div><\/div><\/a><a href=\"https:\/\/www.neuromuscularbcn.org\/ca\/quienes_somos\/elba-pascual-goni\/\" class=\"enl_cnt_miembro\"><div class=\"cnt_miembro\"><div class=\"cnt_quien_img\" style=\"background-image:url(https:\/\/www.neuromuscularbcn.org\/wp-content\/uploads\/2025\/03\/elba_pascual_22-4-207x300.png)\"><\/div><div class=\"cnt_quien_txts\"><div class=\"quien_txts\"><div class=\"cnt_quien_nom\">Elba Pascual Go\u00f1i<\/div><div class=\"cnt_quien_ocupacion larga\">Neur\u00f2loga i investigadora postdoctoral<\/div><div class=\"cnt_quien_ocupacion corta\">Neur\u00f2loga i investigadora postdoctoral<\/div><\/div><\/div><\/div><\/a><a href=\"https:\/\/www.neuromuscularbcn.org\/ca\/quienes_somos\/lorena-martin-aguilar-2\/\" class=\"enl_cnt_miembro\"><div class=\"cnt_miembro\"><div class=\"cnt_quien_img\" style=\"background-image:url(https:\/\/www.neuromuscularbcn.org\/wp-content\/uploads\/2025\/03\/lorena_martin-e1544034799219-6-236x300.png)\"><\/div><div class=\"cnt_quien_txts\"><div class=\"quien_txts\"><div class=\"cnt_quien_nom\">Lorena Mart\u00edn Aguilar<\/div><div class=\"cnt_quien_ocupacion larga\">Neur\u00f2loga - Investigadora postdoctoral<\/div><div class=\"cnt_quien_ocupacion corta\">Neur\u00f2loga - Investigadora postdoctoral<\/div><\/div><\/div><\/div><\/a><a href=\"https:\/\/www.neuromuscularbcn.org\/ca\/quienes_somos\/ana-vesperinas-castro\/\" class=\"enl_cnt_miembro\"><div class=\"cnt_miembro\"><div class=\"cnt_quien_img\" style=\"background-image:url(https:\/\/www.neuromuscularbcn.org\/wp-content\/uploads\/2025\/03\/ana-vesperina-rec-scaled-5-217x300.jpg)\"><\/div><div class=\"cnt_quien_txts\"><div class=\"quien_txts\"><div class=\"cnt_quien_nom\">Ana Vesperinas Castro<\/div><div class=\"cnt_quien_ocupacion larga\">Neur\u00f2loga - Investigadora predoctoral<\/div><div class=\"cnt_quien_ocupacion corta\">Neur\u00f2loga - Investigadora predoctoral<\/div><\/div><\/div><\/div><\/a><a href=\"https:\/\/www.neuromuscularbcn.org\/ca\/quienes_somos\/marta-caballero-avila\/\" class=\"enl_cnt_miembro\"><div class=\"cnt_miembro\"><div class=\"cnt_quien_img\" style=\"background-image:url(https:\/\/www.neuromuscularbcn.org\/wp-content\/uploads\/2025\/03\/marta-caballero-rec-scaled-5-214x300.jpg)\"><\/div><div class=\"cnt_quien_txts\"><div class=\"quien_txts\"><div class=\"cnt_quien_nom\">Marta Caballero \u00c1vila<\/div><div class=\"cnt_quien_ocupacion larga\">Neur\u00f2loga - Investigadora predoctoral<\/div><div class=\"cnt_quien_ocupacion corta\">Neur\u00f2loga - Investigadora predoctoral<\/div><\/div><\/div><\/div><\/a><a href=\"https:\/\/www.neuromuscularbcn.org\/ca\/quienes_somos\/alvaro-carbayo-viejo\/\" class=\"enl_cnt_miembro\"><div class=\"cnt_miembro\"><div class=\"cnt_quien_img\" style=\"background-image:url(https:\/\/www.neuromuscularbcn.org\/wp-content\/uploads\/2025\/03\/6076-3-234x300.jpg)\"><\/div><div class=\"cnt_quien_txts\"><div class=\"quien_txts\"><div class=\"cnt_quien_nom\">\u00c1lvaro Carbayo Viejo<\/div><div class=\"cnt_quien_ocupacion larga\">Neur\u00f2leg - Investigador predoctoral<\/div><div class=\"cnt_quien_ocupacion corta\">Neur\u00f2leg - Investigador predoctoral<\/div><\/div><\/div><\/div><\/a><a href=\"https:\/\/www.neuromuscularbcn.org\/ca\/quienes_somos\/laura-llanso-caldentey\/\" class=\"enl_cnt_miembro\"><div class=\"cnt_miembro\"><div class=\"cnt_quien_img\" style=\"background-image:url(https:\/\/www.neuromuscularbcn.org\/wp-content\/uploads\/2025\/03\/img-20200726-wa0034-re-5-215x300.jpg)\"><\/div><div class=\"cnt_quien_txts\"><div class=\"quien_txts\"><div class=\"cnt_quien_nom\">Laura Llans\u00f3 Caldentey<\/div><div class=\"cnt_quien_ocupacion larga\">Neur\u00f2loga - Investigadora predoctoral<\/div><div class=\"cnt_quien_ocupacion corta\">Neur\u00f2loga - Investigadora predoctoral<\/div><\/div><\/div><\/div><\/a><a href=\"https:\/\/www.neuromuscularbcn.org\/ca\/quienes_somos\/roger-collet-vidiella\/\" class=\"enl_cnt_miembro\"><div class=\"cnt_miembro\"><div class=\"cnt_quien_img\" style=\"background-image:url(https:\/\/www.neuromuscularbcn.org\/wp-content\/uploads\/2025\/07\/rogerCollet_rec2-237x300.jpg)\"><\/div><div class=\"cnt_quien_txts\"><div class=\"quien_txts\"><div class=\"cnt_quien_nom\">Roger Collet Vidiella<\/div><div class=\"cnt_quien_ocupacion larga\">Neur\u00f2leg - Investigador predoctoral<\/div><div class=\"cnt_quien_ocupacion corta\">Neur\u00f2leg<\/div><\/div><\/div><\/div><\/a><a href=\"https:\/\/www.neuromuscularbcn.org\/ca\/quienes_somos\/manuel-cabezas-torres\/\" class=\"enl_cnt_miembro\"><div class=\"cnt_miembro\"><div class=\"cnt_quien_img\" style=\"background-image:url(https:\/\/www.neuromuscularbcn.org\/wp-content\/uploads\/2025\/03\/rec-a-5-231x300.png)\"><\/div><div class=\"cnt_quien_txts\"><div class=\"quien_txts\"><div class=\"cnt_quien_nom\">Manuel Cabezas Torres<\/div><div class=\"cnt_quien_ocupacion larga\">Infermer gestor de casos<\/div><div class=\"cnt_quien_ocupacion corta\">Infermer gestor de casos<\/div><\/div><\/div><\/div><\/a><\/div><\/div><div class=\"cnt_quienesSomos_fila_equipo equipo_investi activo\"><div class=\"cnt_quienesSomos_fila_equipo_tit\"><h3>Equip Recerca:<\/h3><\/div><div id=\"subcnt_subequipo_207\" class=\"subcnt_subequipo\"><a href=\"https:\/\/www.neuromuscularbcn.org\/ca\/quienes_somos\/eduard-gallardo-vigo\/\" class=\"enl_cnt_miembro\"><div class=\"cnt_miembro\"><div class=\"cnt_quien_img\" style=\"background-image:url(https:\/\/www.neuromuscularbcn.org\/wp-content\/uploads\/2025\/03\/foto-eduard-2022-4-248x300.png)\"><\/div><div class=\"cnt_quien_txts\"><div class=\"quien_txts\"><div class=\"cnt_quien_nom\">Eduard Gallardo Vigo<\/div><div class=\"cnt_quien_ocupacion larga\">PhD - Investigador S\u00e8nior<\/div><div class=\"cnt_quien_ocupacion corta\">Investigador S\u00e8nior<\/div><\/div><\/div><\/div><\/a><a href=\"https:\/\/www.neuromuscularbcn.org\/ca\/quienes_somos\/jordi-diaz-manera\/\" class=\"enl_cnt_miembro\"><div class=\"cnt_miembro\"><div class=\"cnt_quien_img\" style=\"background-image:url(https:\/\/www.neuromuscularbcn.org\/wp-content\/uploads\/2025\/03\/JordiDiaz_01-5-247x300.jpg)\"><\/div><div class=\"cnt_quien_txts\"><div class=\"quien_txts\"><div class=\"cnt_quien_nom\">Jordi D\u00edaz Manera<\/div><div class=\"cnt_quien_ocupacion larga\">MD PhD - Investigador col\u00b7laborador<\/div><div class=\"cnt_quien_ocupacion corta\">Investigador col\u00b7laborador<\/div><\/div><\/div><\/div><\/a><a href=\"https:\/\/www.neuromuscularbcn.org\/ca\/quienes_somos\/cinta-lleixa\/\" class=\"enl_cnt_miembro\"><div class=\"cnt_miembro\"><div class=\"cnt_quien_img\" style=\"background-image:url(https:\/\/www.neuromuscularbcn.org\/wp-content\/uploads\/2025\/03\/28_Cinta-LLeixa_recort-4-231x300.jpg)\"><\/div><div class=\"cnt_quien_txts\"><div class=\"quien_txts\"><div class=\"cnt_quien_nom\">Cinta Lleix\u00e0<\/div><div class=\"cnt_quien_ocupacion larga\">Investigadora pre-doctoral<\/div><div class=\"cnt_quien_ocupacion corta\">Investigadora pre-doctoral<\/div><\/div><\/div><\/div><\/a><a href=\"https:\/\/www.neuromuscularbcn.org\/ca\/quienes_somos\/juan-castilla-silgado\/\" class=\"enl_cnt_miembro\"><div class=\"cnt_miembro\"><div class=\"cnt_quien_img\" style=\"background-image:url(https:\/\/www.neuromuscularbcn.org\/wp-content\/uploads\/2025\/03\/jcastilla2-5-219x300.jpg)\"><\/div><div class=\"cnt_quien_txts\"><div class=\"quien_txts\"><div class=\"cnt_quien_nom\">Juan Castilla Silgado<\/div><div class=\"cnt_quien_ocupacion larga\">PhD-Investigador postdoctoral<\/div><div class=\"cnt_quien_ocupacion corta\">PhD-Investigador postdoctoral<\/div><\/div><\/div><\/div><\/a><a href=\"https:\/\/www.neuromuscularbcn.org\/ca\/quienes_somos\/josep-rocaspana-codana\/\" class=\"enl_cnt_miembro\"><div class=\"cnt_miembro\"><div class=\"cnt_quien_img\" style=\"background-image:url(https:\/\/www.neuromuscularbcn.org\/wp-content\/uploads\/2026\/04\/Foto_NM_JRC-225x300.jpg)\"><\/div><div class=\"cnt_quien_txts\"><div class=\"quien_txts\"><div class=\"cnt_quien_nom\">Josep Rocaspana Codana<\/div><div class=\"cnt_quien_ocupacion larga\">Investigador pre-doctoral<\/div><div class=\"cnt_quien_ocupacion corta\">Investigador pre-doctoral<\/div><\/div><\/div><\/div><\/a><a href=\"https:\/\/www.neuromuscularbcn.org\/ca\/quienes_somos\/nuria-vidal-fernandez\/\" class=\"enl_cnt_miembro\"><div class=\"cnt_miembro\"><div class=\"cnt_quien_img\" style=\"background-image:url(https:\/\/www.neuromuscularbcn.org\/wp-content\/uploads\/2025\/03\/nuria-vidal-rec-5-225x300.jpg)\"><\/div><div class=\"cnt_quien_txts\"><div class=\"quien_txts\"><div class=\"cnt_quien_nom\">N\u00faria Vidal Fern\u00e1ndez<\/div><div class=\"cnt_quien_ocupacion larga\">Infermera - Coordinaci\u00f3 d'assaigs cl\u00ednics<\/div><div class=\"cnt_quien_ocupacion corta\">Infermera - Coordinaci\u00f3 d'assaigs cl\u00ednics<\/div><\/div><\/div><\/div><\/a><a href=\"https:\/\/www.neuromuscularbcn.org\/ca\/quienes_somos\/clara-tejada-illa\/\" class=\"enl_cnt_miembro\"><div class=\"cnt_miembro\"><div class=\"cnt_quien_img\" style=\"background-image:url(https:\/\/www.neuromuscularbcn.org\/wp-content\/uploads\/2025\/03\/clara-rec-5-219x300.png)\"><\/div><div class=\"cnt_quien_txts\"><div class=\"quien_txts\"><div class=\"cnt_quien_nom\">Clara Tejada Illa<\/div><div class=\"cnt_quien_ocupacion larga\">Bioqu\u00edmica<\/div><div class=\"cnt_quien_ocupacion corta\">Bioqu\u00edmica<\/div><\/div><\/div><\/div><\/a><a href=\"https:\/\/www.neuromuscularbcn.org\/ca\/quienes_somos\/paula-llarch-cegarra\/\" class=\"enl_cnt_miembro\"><div class=\"cnt_miembro\"><div class=\"cnt_quien_img\" style=\"background-image:url(https:\/\/www.neuromuscularbcn.org\/wp-content\/uploads\/2025\/03\/img-7875-5-247x300.jpg)\"><\/div><div class=\"cnt_quien_txts\"><div class=\"quien_txts\"><div class=\"cnt_quien_nom\">Paula Llarch Cegarra<\/div><div class=\"cnt_quien_ocupacion larga\">Bioqu\u00edmica<\/div><div class=\"cnt_quien_ocupacion corta\">Bioqu\u00edmica<\/div><\/div><\/div><\/div><\/a><a href=\"https:\/\/www.neuromuscularbcn.org\/ca\/quienes_somos\/carmen-martinez-bernal\/\" class=\"enl_cnt_miembro\"><div class=\"cnt_miembro\"><div class=\"cnt_quien_img\" style=\"background-image:url(https:\/\/www.neuromuscularbcn.org\/wp-content\/uploads\/2025\/03\/carmen-martinez-rec-5-220x300.jpg)\"><\/div><div class=\"cnt_quien_txts\"><div class=\"quien_txts\"><div class=\"cnt_quien_nom\">Carmen Mart\u00ednez Bernal<\/div><div class=\"cnt_quien_ocupacion larga\">T\u00e8cnica de laboratori<\/div><div class=\"cnt_quien_ocupacion corta\">T\u00e8cnica de laboratori<\/div><\/div><\/div><\/div><\/a><a href=\"https:\/\/www.neuromuscularbcn.org\/ca\/quienes_somos\/rosa-blanco-soto\/\" class=\"enl_cnt_miembro\"><div class=\"cnt_miembro\"><div class=\"cnt_quien_img\" style=\"background-image:url(https:\/\/www.neuromuscularbcn.org\/wp-content\/uploads\/2025\/03\/rosi-rec-5-222x300.jpg)\"><\/div><div class=\"cnt_quien_txts\"><div class=\"quien_txts\"><div class=\"cnt_quien_nom\">Rosa Blanco Soto<\/div><div class=\"cnt_quien_ocupacion larga\">T\u00e8cnica de laboratori<\/div><div class=\"cnt_quien_ocupacion corta\">T\u00e8cnica de laboratori<\/div><\/div><\/div><\/div><\/a><\/div><\/div><\/div><div class=\"cnt_quienesSomos_fila_equipos\"><div class=\"cnt_quienesSomos_fila_equipo equipo_antiguos activo\"><div class=\"cnt_quienesSomos_fila_equipo_tit\"><h3><i class=\"fas fa-chevron-circle-down\" style=\"--fa-flip-x: 1; --fa-flip-y: 0;\"><\/i> Antics Membres:<\/h3><\/div><div class=\"cnt_slide inactivo\"><div id=\"subcnt_subequipo_214\" class=\"subcnt_subequipo\"><a href=\"https:\/\/www.neuromuscularbcn.org\/ca\/quienes_somos\/isabel-illa-sendra\/\" class=\"enl_cnt_miembro\"><div class=\"cnt_miembro\"><div class=\"cnt_quien_img\" style=\"background-image:url(https:\/\/www.neuromuscularbcn.org\/wp-content\/uploads\/2025\/03\/IsabelIlla-3-170x300.jpg)\"><\/div><div class=\"cnt_quien_txts\"><div class=\"quien_txts\"><div class=\"cnt_quien_nom\">Isabel Illa Sendra<\/div><div class=\"cnt_quien_ocupacion larga\">Directora de la Unitat de Malalties Neuromusculars (ENM) el Servei Neurologia de l'Hospital Santa Creu i Sant Pau (HSCSP) de Barcelona<\/div><div class=\"cnt_quien_ocupacion corta\">Directora de la Unitat de Malalties Neuromusculars<\/div><\/div><\/div><\/div><\/a><a href=\"https:\/\/www.neuromuscularbcn.org\/ca\/quienes_somos\/sonia-segovia-simon\/\" class=\"enl_cnt_miembro\"><div class=\"cnt_miembro\"><div class=\"cnt_quien_img\" style=\"background-image:url(https:\/\/www.neuromuscularbcn.org\/wp-content\/uploads\/2025\/03\/Sonia_2-scaled-5-240x300.jpg)\"><\/div><div class=\"cnt_quien_txts\"><div class=\"quien_txts\"><div class=\"cnt_quien_nom\">Sonia Segovia Sim\u00f3n<\/div><div class=\"cnt_quien_ocupacion larga\">Gestora del Registre Espanyol de malalties Neuromusculars<\/div><div class=\"cnt_quien_ocupacion corta\">Gestora CIBERER<\/div><\/div><\/div><\/div><\/a><a href=\"https:\/\/www.neuromuscularbcn.org\/ca\/quienes_somos\/alicia-alonso-jimenez\/\" class=\"enl_cnt_miembro\"><div class=\"cnt_miembro\"><div class=\"cnt_quien_img\" style=\"background-image:url(https:\/\/www.neuromuscularbcn.org\/wp-content\/uploads\/2025\/03\/Alicia-Alonso_01-3-244x300.jpg)\"><\/div><div class=\"cnt_quien_txts\"><div class=\"quien_txts\"><div class=\"cnt_quien_nom\">Alicia Alonso Jim\u00e9nez<\/div><div class=\"cnt_quien_ocupacion larga\">Neur\u00f2loga i investigadora pre-doctoral<\/div><div class=\"cnt_quien_ocupacion corta\">Neur\u00f2loga<\/div><\/div><\/div><\/div><\/a><a href=\"https:\/\/www.neuromuscularbcn.org\/ca\/quienes_somos\/patricia-pinol-jurado\/\" class=\"enl_cnt_miembro\"><div class=\"cnt_miembro\"><div class=\"cnt_quien_img\" style=\"background-image:url(https:\/\/www.neuromuscularbcn.org\/wp-content\/uploads\/2025\/03\/25_Patricia-Pinol-5.jpg)\"><\/div><div class=\"cnt_quien_txts\"><div class=\"quien_txts\"><div class=\"cnt_quien_nom\">Patricia Pi\u00f1ol Jurado<\/div><div class=\"cnt_quien_ocupacion larga\">Investigadora pre-doctoral<\/div><div class=\"cnt_quien_ocupacion corta\">Investigadora<\/div><\/div><\/div><\/div><\/a><a href=\"https:\/\/www.neuromuscularbcn.org\/ca\/quienes_somos\/ana-ma-siles-gomez\/\" class=\"enl_cnt_miembro\"><div class=\"cnt_miembro\"><div class=\"cnt_quien_img\" style=\"background-image:url(https:\/\/www.neuromuscularbcn.org\/wp-content\/uploads\/2025\/03\/26_Anna-M-Siles-3.jpg)\"><\/div><div class=\"cnt_quien_txts\"><div class=\"quien_txts\"><div class=\"cnt_quien_nom\">Ana M\u00aa Siles G\u00f3mez<\/div><div class=\"cnt_quien_ocupacion larga\">Farmac\u00e8utica - Fellow predoctoral<\/div><div class=\"cnt_quien_ocupacion corta\">Farmac\u00e8utica<\/div><\/div><\/div><\/div><\/a><a href=\"https:\/\/www.neuromuscularbcn.org\/ca\/quienes_somos\/josefina-araque\/\" class=\"enl_cnt_miembro\"><div class=\"cnt_miembro\"><div class=\"cnt_quien_img\" style=\"background-image:url(https:\/\/www.neuromuscularbcn.org\/wp-content\/uploads\/2025\/03\/27_Fina-Araque-5.jpg)\"><\/div><div class=\"cnt_quien_txts\"><div class=\"quien_txts\"><div class=\"cnt_quien_nom\">Josefina Araque<\/div><div class=\"cnt_quien_ocupacion larga\">T\u00e8cnic de laboratori CIBERER<\/div><div class=\"cnt_quien_ocupacion corta\">T\u00e8cnic<\/div><\/div><\/div><\/div><\/a><a href=\"https:\/\/www.neuromuscularbcn.org\/ca\/quienes_somos\/esther-fernandez\/\" class=\"enl_cnt_miembro\"><div class=\"cnt_miembro\"><div class=\"cnt_quien_img\" style=\"background-image:url(https:\/\/www.neuromuscularbcn.org\/wp-content\/uploads\/2025\/03\/Esther-5-238x300.jpg)\"><\/div><div class=\"cnt_quien_txts\"><div class=\"quien_txts\"><div class=\"cnt_quien_nom\">Esther Fern\u00e1ndez<\/div><div class=\"cnt_quien_ocupacion larga\">Investigadora pre-doctoral<\/div><div class=\"cnt_quien_ocupacion corta\">Investigadora pre-doctoral<\/div><\/div><\/div><\/div><\/a><a href=\"https:\/\/www.neuromuscularbcn.org\/ca\/quienes_somos\/sandra-cabanillas-ruiz\/\" class=\"enl_cnt_miembro\"><div class=\"cnt_miembro\"><div class=\"cnt_quien_img\" style=\"background-image:url(https:\/\/www.neuromuscularbcn.org\/wp-content\/uploads\/2025\/03\/scabanillas-3-212x300.jpg)\"><\/div><div class=\"cnt_quien_txts\"><div class=\"quien_txts\"><div class=\"cnt_quien_nom\">Sandra Cabanillas Ruiz<\/div><div class=\"cnt_quien_ocupacion larga\">T\u00e8cnica de laboratori cl\u00ednic<\/div><div class=\"cnt_quien_ocupacion corta\">T\u00e8cnica de laboratori cl\u00ednic<\/div><\/div><\/div><\/div><\/a><a href=\"https:\/\/www.neuromuscularbcn.org\/ca\/quienes_somos\/noemi-de-luna-salva\/\" class=\"enl_cnt_miembro\"><div class=\"cnt_miembro\"><div class=\"cnt_quien_img\" style=\"background-image:url(https:\/\/www.neuromuscularbcn.org\/wp-content\/uploads\/2025\/03\/23_Noemi-de-Luna-5.png)\"><\/div><div class=\"cnt_quien_txts\"><div class=\"quien_txts\"><div class=\"cnt_quien_nom\">Noemi de Luna Salv\u00e0<\/div><div class=\"cnt_quien_ocupacion larga\">PhD \u2013 Investigadora post-doctoral CIBERER<\/div><div class=\"cnt_quien_ocupacion corta\">Investigadora<\/div><\/div><\/div><\/div><\/a><a href=\"https:\/\/www.neuromuscularbcn.org\/ca\/quienes_somos\/concepcion-escola\/\" class=\"enl_cnt_miembro\"><div class=\"cnt_miembro\"><div class=\"cnt_quien_img\" style=\"background-image:url(https:\/\/www.neuromuscularbcn.org\/wp-content\/uploads\/2025\/03\/18_Concepcion-Escola-5.jpg)\"><\/div><div class=\"cnt_quien_txts\"><div class=\"quien_txts\"><div class=\"cnt_quien_nom\">Concepci\u00f3n Escola<\/div><div class=\"cnt_quien_ocupacion larga\">Infermera Assistencial - Gestora de casos<\/div><div class=\"cnt_quien_ocupacion corta\">Infermera<\/div><\/div><\/div><\/div><\/a><a href=\"https:\/\/www.neuromuscularbcn.org\/ca\/quienes_somos\/ana-carrasco\/\" class=\"enl_cnt_miembro\"><div class=\"cnt_miembro\"><div class=\"cnt_quien_img\" style=\"background-image:url(https:\/\/www.neuromuscularbcn.org\/wp-content\/uploads\/2025\/03\/29_Ana-Carrasco-5.jpg)\"><\/div><div class=\"cnt_quien_txts\"><div class=\"quien_txts\"><div class=\"cnt_quien_nom\">Ana Carrasco<\/div><div class=\"cnt_quien_ocupacion larga\">Investigadora pre-doctoral<\/div><div class=\"cnt_quien_ocupacion corta\">Investigadora pre-doctoral<\/div><\/div><\/div><\/div><\/a><a href=\"https:\/\/www.neuromuscularbcn.org\/ca\/quienes_somos\/rodrigo-alvarez-velasco\/\" class=\"enl_cnt_miembro\"><div class=\"cnt_miembro\"><div class=\"cnt_quien_img\" style=\"background-image:url(https:\/\/www.neuromuscularbcn.org\/wp-content\/uploads\/2025\/03\/Rodrigo-Alvarez_ok-5-213x300.jpg)\"><\/div><div class=\"cnt_quien_txts\"><div class=\"quien_txts\"><div class=\"cnt_quien_nom\">Rodrigo \u00c1lvarez Velasco<\/div><div class=\"cnt_quien_ocupacion larga\">Neur\u00f2leg i investigador pre-doctoral<\/div><div class=\"cnt_quien_ocupacion corta\">Neur\u00f2leg i investigador pre-doctoral<\/div><\/div><\/div><\/div><\/a><a href=\"https:\/\/www.neuromuscularbcn.org\/ca\/quienes_somos\/francesc-pla-junca\/\" class=\"enl_cnt_miembro\"><div class=\"cnt_miembro\"><div class=\"cnt_quien_img\" style=\"background-image:url(https:\/\/www.neuromuscularbcn.org\/wp-content\/uploads\/2025\/03\/fpla-3-202x300.jpg)\"><\/div><div class=\"cnt_quien_txts\"><div class=\"quien_txts\"><div class=\"cnt_quien_nom\">Francesc Pla Junc\u00e0<\/div><div class=\"cnt_quien_ocupacion larga\">Coordinador del Registre espanyol de Malalties Neuromusculars<\/div><div class=\"cnt_quien_ocupacion corta\">Coordinador del Registre espanyol de Malalties Neuromusculars<\/div><\/div><\/div><\/div><\/a><a href=\"https:\/\/www.neuromuscularbcn.org\/ca\/quienes_somos\/xavier-suarez-calvet\/\" class=\"enl_cnt_miembro\"><div class=\"cnt_miembro\"><div class=\"cnt_quien_img\" style=\"background-image:url(https:\/\/www.neuromuscularbcn.org\/wp-content\/uploads\/2025\/03\/xavisc-grup-illa-5-207x300.jpg)\"><\/div><div class=\"cnt_quien_txts\"><div class=\"quien_txts\"><div class=\"cnt_quien_nom\">Xavier Su\u00e1rez-Calvet<\/div><div class=\"cnt_quien_ocupacion larga\">PhD - Investigador Post-doctoral<\/div><div class=\"cnt_quien_ocupacion corta\">Investigador Post-doctoral<\/div><\/div><\/div><\/div><\/a><a href=\"https:\/\/www.neuromuscularbcn.org\/ca\/quienes_somos\/jorge-alonso-perez\/\" class=\"enl_cnt_miembro\"><div class=\"cnt_miembro\"><div class=\"cnt_quien_img\" style=\"background-image:url(https:\/\/www.neuromuscularbcn.org\/wp-content\/uploads\/2025\/03\/Jorge-Alonso_ok-4-219x300.jpg)\"><\/div><div class=\"cnt_quien_txts\"><div class=\"quien_txts\"><div class=\"cnt_quien_nom\">Jorge Alonso P\u00e9rez<\/div><div class=\"cnt_quien_ocupacion larga\">Neur\u00f2leg i investigador pre-doctoral<\/div><div class=\"cnt_quien_ocupacion corta\">Neur\u00f2leg i investigador pre-doctoral<\/div><\/div><\/div><\/div><\/a><a href=\"https:\/\/www.neuromuscularbcn.org\/ca\/quienes_somos\/david-reyes-leiva\/\" class=\"enl_cnt_miembro\"><div class=\"cnt_miembro\"><div class=\"cnt_quien_img\" style=\"background-image:url(https:\/\/www.neuromuscularbcn.org\/wp-content\/uploads\/2025\/03\/drl-2-mod-5-207x300.jpg)\"><\/div><div class=\"cnt_quien_txts\"><div class=\"quien_txts\"><div class=\"cnt_quien_nom\">David Reyes Leiva<\/div><div class=\"cnt_quien_ocupacion larga\">Investigador en malalties neuromusculars<\/div><div class=\"cnt_quien_ocupacion corta\">Investigador en malalties neuromusculars<\/div><\/div><\/div><\/div><\/a><\/div><\/div><\/div><\/div><\/div><script src=\"https:\/\/www.neuromuscularbcn.org\/wp-content\/themes\/NMSP_v3\/js\/inc_js\/includes_js_quienes.js\"><\/script>\n<\/div><\/div><\/div><\/div><\/div><\/p>\n","protected":false},"excerpt":{"rendered":"","protected":false},"author":1,"featured_media":0,"parent":0,"menu_order":2,"comment_status":"closed","ping_status":"closed","template":"100-width.php","meta":{"_acf_changed":false,"inline_featured_image":false,"footnotes":""},"class_list":["post-267","page","type-page","status-publish","hentry"],"acf":[],"yoast_head":"<!-- This site is optimized with the Yoast SEO plugin v27.2 - https:\/\/yoast.com\/product\/yoast-seo-wordpress\/ -->\n<title>Qui Som - Neuromuscular BCN<\/title>\n<meta name=\"robots\" content=\"index, follow, max-snippet:-1, max-image-preview:large, max-video-preview:-1\" \/>\n<link rel=\"canonical\" href=\"https:\/\/www.neuromuscularbcn.org\/ca\/qui-som\/\" \/>\n<meta property=\"og:locale\" content=\"ca_ES\" \/>\n<meta property=\"og:type\" content=\"article\" \/>\n<meta property=\"og:title\" content=\"Qui Som - Neuromuscular BCN\" \/>\n<meta property=\"og:url\" content=\"https:\/\/www.neuromuscularbcn.org\/ca\/qui-som\/\" \/>\n<meta property=\"og:site_name\" content=\"Neuromuscular BCN\" \/>\n<meta property=\"article:modified_time\" content=\"2025-06-13T03:17:36+00:00\" \/>\n<meta name=\"twitter:card\" content=\"summary_large_image\" \/>\n<meta name=\"twitter:site\" content=\"@NMDSantPau\" \/>\n<meta name=\"twitter:label1\" content=\"Temps estimat de lectura\" \/>\n\t<meta name=\"twitter:data1\" content=\"14 minuts\" \/>\n<script type=\"application\/ld+json\" class=\"yoast-schema-graph\">{\"@context\":\"https:\/\/schema.org\",\"@graph\":[{\"@type\":\"WebPage\",\"@id\":\"https:\/\/www.neuromuscularbcn.org\/ca\/qui-som\/\",\"url\":\"https:\/\/www.neuromuscularbcn.org\/ca\/qui-som\/\",\"name\":\"Qui Som - Neuromuscular BCN\",\"isPartOf\":{\"@id\":\"https:\/\/www.neuromuscularbcn.org\/ca\/#website\"},\"datePublished\":\"2025-03-26T11:53:22+00:00\",\"dateModified\":\"2025-06-13T03:17:36+00:00\",\"breadcrumb\":{\"@id\":\"https:\/\/www.neuromuscularbcn.org\/ca\/qui-som\/#breadcrumb\"},\"inLanguage\":\"ca\",\"potentialAction\":[{\"@type\":\"ReadAction\",\"target\":[\"https:\/\/www.neuromuscularbcn.org\/ca\/qui-som\/\"]}]},{\"@type\":\"BreadcrumbList\",\"@id\":\"https:\/\/www.neuromuscularbcn.org\/ca\/qui-som\/#breadcrumb\",\"itemListElement\":[{\"@type\":\"ListItem\",\"position\":1,\"name\":\"Portada\",\"item\":\"https:\/\/www.neuromuscularbcn.org\/ca\/\"},{\"@type\":\"ListItem\",\"position\":2,\"name\":\"Qui Som\"}]},{\"@type\":\"WebSite\",\"@id\":\"https:\/\/www.neuromuscularbcn.org\/ca\/#website\",\"url\":\"https:\/\/www.neuromuscularbcn.org\/ca\/\",\"name\":\"Neuromuscular BCN\",\"description\":\"Neuromuscular BCN - Unidad Neuromuscular del hospital de Sant Pau\",\"publisher\":{\"@id\":\"https:\/\/www.neuromuscularbcn.org\/ca\/#organization\"},\"alternateName\":\"Neuromuscular BCN - Unidad Neuromuscular del hospital de Sant Pau\",\"potentialAction\":[{\"@type\":\"SearchAction\",\"target\":{\"@type\":\"EntryPoint\",\"urlTemplate\":\"https:\/\/www.neuromuscularbcn.org\/ca\/?s={search_term_string}\"},\"query-input\":{\"@type\":\"PropertyValueSpecification\",\"valueRequired\":true,\"valueName\":\"search_term_string\"}}],\"inLanguage\":\"ca\"},{\"@type\":\"Organization\",\"@id\":\"https:\/\/www.neuromuscularbcn.org\/ca\/#organization\",\"name\":\"Neuromuscular BCN - Sant Pau\",\"url\":\"https:\/\/www.neuromuscularbcn.org\/ca\/\",\"logo\":{\"@type\":\"ImageObject\",\"inLanguage\":\"ca\",\"@id\":\"https:\/\/www.neuromuscularbcn.org\/ca\/#\/schema\/logo\/image\/\",\"url\":\"https:\/\/www.neuromuscularbcn.org\/wp-content\/uploads\/2025\/06\/cropped-favicon_logotip.png\",\"contentUrl\":\"https:\/\/www.neuromuscularbcn.org\/wp-content\/uploads\/2025\/06\/cropped-favicon_logotip.png\",\"width\":512,\"height\":512,\"caption\":\"Neuromuscular BCN - Sant Pau\"},\"image\":{\"@id\":\"https:\/\/www.neuromuscularbcn.org\/ca\/#\/schema\/logo\/image\/\"},\"sameAs\":[\"https:\/\/x.com\/NMDSantPau\"]}]}<\/script>\n<!-- \/ Yoast SEO plugin. -->","yoast_head_json":{"title":"Qui Som - Neuromuscular BCN","robots":{"index":"index","follow":"follow","max-snippet":"max-snippet:-1","max-image-preview":"max-image-preview:large","max-video-preview":"max-video-preview:-1"},"canonical":"https:\/\/www.neuromuscularbcn.org\/ca\/qui-som\/","og_locale":"ca_ES","og_type":"article","og_title":"Qui Som - Neuromuscular BCN","og_url":"https:\/\/www.neuromuscularbcn.org\/ca\/qui-som\/","og_site_name":"Neuromuscular BCN","article_modified_time":"2025-06-13T03:17:36+00:00","twitter_card":"summary_large_image","twitter_site":"@NMDSantPau","twitter_misc":{"Temps estimat de lectura":"14 minuts"},"schema":{"@context":"https:\/\/schema.org","@graph":[{"@type":"WebPage","@id":"https:\/\/www.neuromuscularbcn.org\/ca\/qui-som\/","url":"https:\/\/www.neuromuscularbcn.org\/ca\/qui-som\/","name":"Qui Som - Neuromuscular BCN","isPartOf":{"@id":"https:\/\/www.neuromuscularbcn.org\/ca\/#website"},"datePublished":"2025-03-26T11:53:22+00:00","dateModified":"2025-06-13T03:17:36+00:00","breadcrumb":{"@id":"https:\/\/www.neuromuscularbcn.org\/ca\/qui-som\/#breadcrumb"},"inLanguage":"ca","potentialAction":[{"@type":"ReadAction","target":["https:\/\/www.neuromuscularbcn.org\/ca\/qui-som\/"]}]},{"@type":"BreadcrumbList","@id":"https:\/\/www.neuromuscularbcn.org\/ca\/qui-som\/#breadcrumb","itemListElement":[{"@type":"ListItem","position":1,"name":"Portada","item":"https:\/\/www.neuromuscularbcn.org\/ca\/"},{"@type":"ListItem","position":2,"name":"Qui Som"}]},{"@type":"WebSite","@id":"https:\/\/www.neuromuscularbcn.org\/ca\/#website","url":"https:\/\/www.neuromuscularbcn.org\/ca\/","name":"Neuromuscular BCN","description":"Neuromuscular BCN - Unidad Neuromuscular del hospital de Sant Pau","publisher":{"@id":"https:\/\/www.neuromuscularbcn.org\/ca\/#organization"},"alternateName":"Neuromuscular BCN - Unidad Neuromuscular del hospital de Sant Pau","potentialAction":[{"@type":"SearchAction","target":{"@type":"EntryPoint","urlTemplate":"https:\/\/www.neuromuscularbcn.org\/ca\/?s={search_term_string}"},"query-input":{"@type":"PropertyValueSpecification","valueRequired":true,"valueName":"search_term_string"}}],"inLanguage":"ca"},{"@type":"Organization","@id":"https:\/\/www.neuromuscularbcn.org\/ca\/#organization","name":"Neuromuscular BCN - Sant Pau","url":"https:\/\/www.neuromuscularbcn.org\/ca\/","logo":{"@type":"ImageObject","inLanguage":"ca","@id":"https:\/\/www.neuromuscularbcn.org\/ca\/#\/schema\/logo\/image\/","url":"https:\/\/www.neuromuscularbcn.org\/wp-content\/uploads\/2025\/06\/cropped-favicon_logotip.png","contentUrl":"https:\/\/www.neuromuscularbcn.org\/wp-content\/uploads\/2025\/06\/cropped-favicon_logotip.png","width":512,"height":512,"caption":"Neuromuscular BCN - Sant Pau"},"image":{"@id":"https:\/\/www.neuromuscularbcn.org\/ca\/#\/schema\/logo\/image\/"},"sameAs":["https:\/\/x.com\/NMDSantPau"]}]}},"_links":{"self":[{"href":"https:\/\/www.neuromuscularbcn.org\/ca\/wp-json\/wp\/v2\/pages\/267","targetHints":{"allow":["GET"]}}],"collection":[{"href":"https:\/\/www.neuromuscularbcn.org\/ca\/wp-json\/wp\/v2\/pages"}],"about":[{"href":"https:\/\/www.neuromuscularbcn.org\/ca\/wp-json\/wp\/v2\/types\/page"}],"author":[{"embeddable":true,"href":"https:\/\/www.neuromuscularbcn.org\/ca\/wp-json\/wp\/v2\/users\/1"}],"replies":[{"embeddable":true,"href":"https:\/\/www.neuromuscularbcn.org\/ca\/wp-json\/wp\/v2\/comments?post=267"}],"version-history":[{"count":5,"href":"https:\/\/www.neuromuscularbcn.org\/ca\/wp-json\/wp\/v2\/pages\/267\/revisions"}],"predecessor-version":[{"id":3292,"href":"https:\/\/www.neuromuscularbcn.org\/ca\/wp-json\/wp\/v2\/pages\/267\/revisions\/3292"}],"wp:attachment":[{"href":"https:\/\/www.neuromuscularbcn.org\/ca\/wp-json\/wp\/v2\/media?parent=267"}],"curies":[{"name":"wp","href":"https:\/\/api.w.org\/{rel}","templated":true}]}}